{"id":112,"date":"2023-09-27T22:23:10","date_gmt":"2023-09-27T22:23:10","guid":{"rendered":"https:\/\/reka-kristof.com\/?page_id=112"},"modified":"2024-08-01T18:07:10","modified_gmt":"2024-08-01T17:07:10","slug":"diszkografia","status":"publish","type":"page","link":"https:\/\/reka-kristof.com\/de\/diszkografia\/","title":{"rendered":"DISKOGRAPHIE"},"content":{"rendered":"\t\t<div data-elementor-type=\"wp-page\" data-elementor-id=\"112\" class=\"elementor elementor-112\" data-elementor-post-type=\"page\">\n\t\t\t\t<div class=\"elementor-element elementor-element-dd27c05 e-flex e-con-boxed e-con e-parent\" data-id=\"dd27c05\" data-element_type=\"container\" data-settings=\"{&quot;background_background&quot;:&quot;classic&quot;,&quot;content_width&quot;:&quot;boxed&quot;}\" data-core-v316-plus=\"true\">\n\t\t\t\t\t<div class=\"e-con-inner\">\n\t\t\t\t<div class=\"elementor-element elementor-element-9e99033 elementor-widget elementor-widget-html\" data-id=\"9e99033\" data-element_type=\"widget\" data-widget_type=\"html.default\">\n\t\t\t\t<div class=\"elementor-widget-container\">\n\t\t\t<script>\n    document.addEventListener('DOMContentLoaded', function () {jQuery(function ($) {\n        $('.showme1').click(function (event) {\n            event.preventDefault();\n            $('.szamlistaid1').slideToggle();\n            $(this).toggleClass('opened');\n        });\n        $('.closebutton1').click(function () {\n            $('.szamlistaid1').find('.showme1').click();\n        });\n\n        $('.showme2').click(function (event) {\n            event.preventDefault();\n            $('.szamlistaid2').slideToggle();\n            $(this).toggleClass('opened');\n        });\n        $('.closebutton2').click(function () {\n            $('.szamlistaid2').find('.showme2').click();\n        });\n\n        $('.showme3').click(function (event) {\n            event.preventDefault();\n            $('.szamlistaid3').slideToggle();\n            $(this).toggleClass('opened');\n        });\n        $('.closebutton3').click(function () {\n            $('.szamlistaid3').find('.showme3').click();\n        });\n        \n        $('.showme4').click(function (event) {\n            event.preventDefault();\n            $('.szamlistaid4').slideToggle();\n            $(this).toggleClass('opened');\n        });\n        $('.closebutton4').click(function () {\n            $('.szamlistaid4').find('.showme4').click();\n        });\n    });});\n<\/script>\t\t<\/div>\n\t\t\t\t<\/div>\n\t\t<div class=\"elementor-element elementor-element-6c3028c e-con-full e-flex e-con e-child\" data-id=\"6c3028c\" data-element_type=\"container\" data-settings=\"{&quot;background_background&quot;:&quot;classic&quot;,&quot;content_width&quot;:&quot;full&quot;}\">\n\t\t<div class=\"elementor-element elementor-element-718a8a0 e-con-full e-flex e-con e-child\" data-id=\"718a8a0\" data-element_type=\"container\" data-settings=\"{&quot;content_width&quot;:&quot;full&quot;}\">\n\t\t\t\t<div class=\"elementor-element elementor-element-e10344e elementor-widget__width-initial elementor-widget elementor-widget-image\" data-id=\"e10344e\" data-element_type=\"widget\" data-widget_type=\"image.default\">\n\t\t\t\t<div class=\"elementor-widget-container\">\n\t\t\t<style>\/*! elementor - v3.19.0 - 07-02-2024 *\/\n.elementor-widget-image{text-align:center}.elementor-widget-image a{display:inline-block}.elementor-widget-image a img[src$=\".svg\"]{width:48px}.elementor-widget-image img{vertical-align:middle;display:inline-block}<\/style>\t\t\t\t\t\t\t\t\t\t<img fetchpriority=\"high\" decoding=\"async\" width=\"1099\" height=\"989\" src=\"https:\/\/reka-kristof.com\/wp-content\/uploads\/2024\/01\/Cover-Reka-Kristof.jpg\" class=\"attachment-full size-full wp-image-1442\" alt=\"Cover R\u00e9ka Krist\u00f3f\" srcset=\"https:\/\/reka-kristof.com\/wp-content\/uploads\/2024\/01\/Cover-Reka-Kristof.jpg 1099w, https:\/\/reka-kristof.com\/wp-content\/uploads\/2024\/01\/Cover-Reka-Kristof-300x270.jpg 300w, https:\/\/reka-kristof.com\/wp-content\/uploads\/2024\/01\/Cover-Reka-Kristof-1024x922.jpg 1024w, https:\/\/reka-kristof.com\/wp-content\/uploads\/2024\/01\/Cover-Reka-Kristof-768x691.jpg 768w, https:\/\/reka-kristof.com\/wp-content\/uploads\/2024\/01\/Cover-Reka-Kristof-13x12.jpg 13w\" sizes=\"(max-width: 1099px) 100vw, 1099px\" \/>\t\t\t\t\t\t\t\t\t\t\t\t\t<\/div>\n\t\t\t\t<\/div>\n\t\t<div class=\"elementor-element elementor-element-49de39d e-flex e-con-boxed e-con e-child\" data-id=\"49de39d\" data-element_type=\"container\" data-settings=\"{&quot;content_width&quot;:&quot;boxed&quot;}\">\n\t\t\t\t\t<div class=\"e-con-inner\">\n\t\t\t\t<div class=\"elementor-element elementor-element-a045d55 elementor-widget elementor-widget-text-editor\" data-id=\"a045d55\" data-element_type=\"widget\" data-widget_type=\"text-editor.default\">\n\t\t\t\t<div class=\"elementor-widget-container\">\n\t\t\t<style>\/*! elementor - v3.19.0 - 07-02-2024 *\/\n.elementor-widget-text-editor.elementor-drop-cap-view-stacked .elementor-drop-cap{background-color:#69727d;color:#fff}.elementor-widget-text-editor.elementor-drop-cap-view-framed .elementor-drop-cap{color:#69727d;border:3px solid;background-color:transparent}.elementor-widget-text-editor:not(.elementor-drop-cap-view-default) .elementor-drop-cap{margin-top:8px}.elementor-widget-text-editor:not(.elementor-drop-cap-view-default) .elementor-drop-cap-letter{width:1em;height:1em}.elementor-widget-text-editor .elementor-drop-cap{float:left;text-align:center;line-height:1;font-size:50px}.elementor-widget-text-editor .elementor-drop-cap-letter{display:inline-block}<\/style>\t\t\t\t<p style=\"text-align: justify;\">Krist\u00f3f R\u00e9ka deb\u00fct\u00e1l\u00f3 lemeze 2019 m\u00e1rcius\u00e1ban\u00a0jelent meg a Coviello Classics kiad\u00f3n\u00e1l.\u00a0Historikus hangszereken az Accademia di Monaco j\u00e1tszik\u00a0Joachim Tschiedel vezet\u00e9se alatt.\u00a0<\/p><p style=\"text-align: justify;\"><span style=\"color: var( --e-global-color-primary ); font-family: var( --e-global-typography-text-font-family ), Sans-serif; font-size: var( --e-global-typography-text-font-size ); font-weight: var( --e-global-typography-text-font-weight ); text-align: var(--text-align);\">A lemezt a Deutsche Schallplattenkritik d\u00edj\u00e1ra nevezt\u00e9k a megjelen\u00e9se \u00e9v\u00e9ben.<\/span><\/p>\t\t\t\t\t\t<\/div>\n\t\t\t\t<\/div>\n\t\t<div class=\"elementor-element elementor-element-76a6def e-con-full e-flex e-con e-child\" data-id=\"76a6def\" data-element_type=\"container\" data-settings=\"{&quot;content_width&quot;:&quot;full&quot;}\">\n\t\t\t\t<div class=\"elementor-element elementor-element-01b945a elementor-align-center elementor-tablet-align-center elementor-widget__width-initial elementor-widget elementor-widget-button\" data-id=\"01b945a\" data-element_type=\"widget\" data-widget_type=\"button.default\">\n\t\t\t\t<div class=\"elementor-widget-container\">\n\t\t\t\t\t<div class=\"elementor-button-wrapper\">\n\t\t\t<a class=\"elementor-button elementor-button-link elementor-size-md\" href=\"https:\/\/reka-kristof.com\/kapcsolat\/\">\n\t\t\t\t\t\t<span class=\"elementor-button-content-wrapper\">\n\t\t\t\t\t\t<span class=\"elementor-button-text\">Megrendel\u00e9s<\/span>\n\t\t<\/span>\n\t\t\t\t\t<\/a>\n\t\t<\/div>\n\t\t\t\t<\/div>\n\t\t\t\t<\/div>\n\t\t\t\t<div class=\"elementor-element elementor-element-dc2bbe8 elementor-align-center showme1 elementor-tablet-align-center elementor-widget__width-initial elementor-widget elementor-widget-button\" data-id=\"dc2bbe8\" data-element_type=\"widget\" data-widget_type=\"button.default\">\n\t\t\t\t<div class=\"elementor-widget-container\">\n\t\t\t\t\t<div class=\"elementor-button-wrapper\">\n\t\t\t<a class=\"elementor-button elementor-size-md\" role=\"button\">\n\t\t\t\t\t\t<span class=\"elementor-button-content-wrapper\">\n\t\t\t\t\t\t<span class=\"elementor-button-text\">Sz\u00e1mlista<\/span>\n\t\t<\/span>\n\t\t\t\t\t<\/a>\n\t\t<\/div>\n\t\t\t\t<\/div>\n\t\t\t\t<\/div>\n\t\t\t\t<\/div>\n\t\t\t\t\t<\/div>\n\t\t\t\t<\/div>\n\t\t\t\t<\/div>\n\t\t<div class=\"elementor-element elementor-element-56debb1 e-con-full szamlistaid1 elementor-hidden-desktop elementor-hidden-tablet elementor-hidden-mobile e-flex e-con e-child\" data-id=\"56debb1\" data-element_type=\"container\" id=\"szamlistaId1\" data-settings=\"{&quot;content_width&quot;:&quot;full&quot;}\">\n\t\t<div class=\"elementor-element elementor-element-3f83a97 e-flex e-con-boxed e-con e-child\" data-id=\"3f83a97\" data-element_type=\"container\" data-settings=\"{&quot;content_width&quot;:&quot;boxed&quot;}\">\n\t\t\t\t\t<div class=\"e-con-inner\">\n\t\t\t\t<div class=\"elementor-element elementor-element-b5390b8 elementor-widget elementor-widget-heading\" data-id=\"b5390b8\" data-element_type=\"widget\" data-widget_type=\"heading.default\">\n\t\t\t\t<div class=\"elementor-widget-container\">\n\t\t\t<style>\/*! elementor - v3.19.0 - 07-02-2024 *\/\n.elementor-heading-title{padding:0;margin:0;line-height:1}.elementor-widget-heading .elementor-heading-title[class*=elementor-size-]>a{color:inherit;font-size:inherit;line-height:inherit}.elementor-widget-heading .elementor-heading-title.elementor-size-small{font-size:15px}.elementor-widget-heading .elementor-heading-title.elementor-size-medium{font-size:19px}.elementor-widget-heading .elementor-heading-title.elementor-size-large{font-size:29px}.elementor-widget-heading .elementor-heading-title.elementor-size-xl{font-size:39px}.elementor-widget-heading .elementor-heading-title.elementor-size-xxl{font-size:59px}<\/style><h2 class=\"elementor-heading-title elementor-size-medium\">ANTONIO VIVALDI - In furore iustissimae irae RV 626<\/h2>\t\t<\/div>\n\t\t\t\t<\/div>\n\t\t\t\t<div class=\"elementor-element elementor-element-f822a4d elementor-widget elementor-widget-heading\" data-id=\"f822a4d\" data-element_type=\"widget\" data-widget_type=\"heading.default\">\n\t\t\t\t<div class=\"elementor-widget-container\">\n\t\t\t<h2 class=\"elementor-heading-title elementor-size-default\">Motetta szopr\u00e1nra, k\u00e9t heged\u0171re, br\u00e1cs\u00e1ra \u00e9s basso contiun\u00f3ra (R\u00f3ma 1723\/24)<\/h2>\t\t<\/div>\n\t\t\t\t<\/div>\n\t\t<div class=\"elementor-element elementor-element-a19b0c2 e-flex e-con-boxed e-con e-child\" data-id=\"a19b0c2\" data-element_type=\"container\" data-settings=\"{&quot;content_width&quot;:&quot;boxed&quot;}\">\n\t\t\t\t\t<div class=\"e-con-inner\">\n\t\t\t\t<div class=\"elementor-element elementor-element-359ae6e elementor-widget__width-initial elementor-widget-mobile__width-auto elementor-widget elementor-widget-text-editor\" data-id=\"359ae6e\" data-element_type=\"widget\" data-widget_type=\"text-editor.default\">\n\t\t\t\t<div class=\"elementor-widget-container\">\n\t\t\t\t\t\t\t<p>Aria: In furore iustissimae irae (Allegro)<\/p><p>Recitativo: Miserationum Pater piissime<\/p><p>Aria: Tunc meus fletus (Largo)<\/p><p>Alleluia (Allegro)<\/p>\t\t\t\t\t\t<\/div>\n\t\t\t\t<\/div>\n\t\t\t\t\t<\/div>\n\t\t\t\t<\/div>\n\t\t\t\t\t<\/div>\n\t\t\t\t<\/div>\n\t\t<div class=\"elementor-element elementor-element-7e8bd8a e-flex e-con-boxed e-con e-child\" data-id=\"7e8bd8a\" data-element_type=\"container\" data-settings=\"{&quot;content_width&quot;:&quot;boxed&quot;}\">\n\t\t\t\t\t<div class=\"e-con-inner\">\n\t\t\t\t<div class=\"elementor-element elementor-element-5f7495b elementor-widget elementor-widget-heading\" data-id=\"5f7495b\" data-element_type=\"widget\" data-widget_type=\"heading.default\">\n\t\t\t\t<div class=\"elementor-widget-container\">\n\t\t\t<h2 class=\"elementor-heading-title elementor-size-large\">GEORG FRIEDRICH H\u00c4NDEL - Salve Regina HWV 241<\/h2>\t\t<\/div>\n\t\t\t\t<\/div>\n\t\t\t\t<div class=\"elementor-element elementor-element-51b9cee elementor-widget elementor-widget-heading\" data-id=\"51b9cee\" data-element_type=\"widget\" data-widget_type=\"heading.default\">\n\t\t\t\t<div class=\"elementor-widget-container\">\n\t\t\t<h2 class=\"elementor-heading-title elementor-size-default\">Kant\u00e1ta szopr\u00e1nra, k\u00e9r heged\u0171re \u00e9s basso continu\u00f3ra (R\u00f3ma 1707 k\u00f6r\u00fcl)<\/h2>\t\t<\/div>\n\t\t\t\t<\/div>\n\t\t<div class=\"elementor-element elementor-element-0d4d0df e-flex e-con-boxed e-con e-child\" data-id=\"0d4d0df\" data-element_type=\"container\" data-settings=\"{&quot;content_width&quot;:&quot;boxed&quot;}\">\n\t\t\t\t\t<div class=\"e-con-inner\">\n\t\t\t\t<div class=\"elementor-element elementor-element-b885b43 elementor-widget__width-initial elementor-widget-mobile__width-auto elementor-widget elementor-widget-text-editor\" data-id=\"b885b43\" data-element_type=\"widget\" data-widget_type=\"text-editor.default\">\n\t\t\t\t<div class=\"elementor-widget-container\">\n\t\t\t\t\t\t\t<p>Salve Regina (Largo)<\/p><p>Ad te clamamus (Adagio)<\/p><p>Eia ergo, advocata nostra (Allegro)<\/p><p>O clemens (Adagissimo)<\/p>\t\t\t\t\t\t<\/div>\n\t\t\t\t<\/div>\n\t\t\t\t\t<\/div>\n\t\t\t\t<\/div>\n\t\t\t\t\t<\/div>\n\t\t\t\t<\/div>\n\t\t<div class=\"elementor-element elementor-element-b1e5071 e-flex e-con-boxed e-con e-child\" data-id=\"b1e5071\" data-element_type=\"container\" data-settings=\"{&quot;content_width&quot;:&quot;boxed&quot;}\">\n\t\t\t\t\t<div class=\"e-con-inner\">\n\t\t\t\t<div class=\"elementor-element elementor-element-c3f1b65 elementor-widget elementor-widget-heading\" data-id=\"c3f1b65\" data-element_type=\"widget\" data-widget_type=\"heading.default\">\n\t\t\t\t<div class=\"elementor-widget-container\">\n\t\t\t<h2 class=\"elementor-heading-title elementor-size-large\">ANTONIO VIVALDI - Laudate pueri Dominum RV 600<\/h2>\t\t<\/div>\n\t\t\t\t<\/div>\n\t\t\t\t<div class=\"elementor-element elementor-element-9a3a2bd elementor-widget elementor-widget-heading\" data-id=\"9a3a2bd\" data-element_type=\"widget\" data-widget_type=\"heading.default\">\n\t\t\t\t<div class=\"elementor-widget-container\">\n\t\t\t<h2 class=\"elementor-heading-title elementor-size-default\">112. zsolt\u00e1r szopr\u00e1nra, k\u00e9t heged\u0171re, br\u00e1cs\u00e1ra \u00e9s basso continu\u00f3ra (It\u00e1lia 1715 k\u00f6r\u00fcl)<\/h2>\t\t<\/div>\n\t\t\t\t<\/div>\n\t\t<div class=\"elementor-element elementor-element-d6fe044 e-flex e-con-boxed e-con e-child\" data-id=\"d6fe044\" data-element_type=\"container\" data-settings=\"{&quot;content_width&quot;:&quot;boxed&quot;}\">\n\t\t\t\t\t<div class=\"e-con-inner\">\n\t\t\t\t<div class=\"elementor-element elementor-element-ee117e8 elementor-widget__width-initial elementor-widget-mobile__width-auto elementor-widget elementor-widget-text-editor\" data-id=\"ee117e8\" data-element_type=\"widget\" data-widget_type=\"text-editor.default\">\n\t\t\t\t<div class=\"elementor-widget-container\">\n\t\t\t\t\t\t\t<p>Laudate, pueri, Dominum (Allegro)<\/p><p><span style=\"font-size: inherit;\">Sit nomen Domini (Largo)<\/span><\/p><p><span style=\"font-size: inherit;\">A solis ortu (Allegro)<\/span><\/p><p><span style=\"font-size: inherit;\">Excelsus super omnes (Andante)<\/span><\/p><p><span style=\"font-size: inherit;\">Quis sicut Dominus Deus (Largo)<\/span><\/p><p><span style=\"font-size: inherit;\">Suscitans a terra (Presto)<\/span><\/p><p><span style=\"font-size: inherit;\">Ut collocet eum (Allegro)<\/span><\/p><p><span style=\"font-size: inherit;\">Gloria Patri (Largo)<\/span><\/p><p><span style=\"font-size: inherit;\">Laudate, pueri, Dominum (Allegro)<\/span><\/p><p><span style=\"font-size: inherit;\">Amen (Allegro)<\/span><\/p>\t\t\t\t\t\t<\/div>\n\t\t\t\t<\/div>\n\t\t\t\t\t<\/div>\n\t\t\t\t<\/div>\n\t\t\t\t\t<\/div>\n\t\t\t\t<\/div>\n\t\t<div class=\"elementor-element elementor-element-c9506f9 e-flex e-con-boxed e-con e-child\" data-id=\"c9506f9\" data-element_type=\"container\" data-settings=\"{&quot;content_width&quot;:&quot;boxed&quot;}\">\n\t\t\t\t\t<div class=\"e-con-inner\">\n\t\t\t\t<div class=\"elementor-element elementor-element-fb2ef45 elementor-widget elementor-widget-heading\" data-id=\"fb2ef45\" data-element_type=\"widget\" data-widget_type=\"heading.default\">\n\t\t\t\t<div class=\"elementor-widget-container\">\n\t\t\t<h2 class=\"elementor-heading-title elementor-size-large\">GEORG FRIEDRICH H\u00c4NDEL - Gloria HWV deest<\/h2>\t\t<\/div>\n\t\t\t\t<\/div>\n\t\t\t\t<div class=\"elementor-element elementor-element-fdef299 elementor-widget elementor-widget-heading\" data-id=\"fdef299\" data-element_type=\"widget\" data-widget_type=\"heading.default\">\n\t\t\t\t<div class=\"elementor-widget-container\">\n\t\t\t<h2 class=\"elementor-heading-title elementor-size-default\">Motetta szopr\u00e1nra, k\u00e9t heged\u0171re, br\u00e1cs\u00e1ra \u00e9s basso continu\u00f3ra (R\u00f3ma 1706\/07 k\u00f6r\u00fcl)<\/h2>\t\t<\/div>\n\t\t\t\t<\/div>\n\t\t<div class=\"elementor-element elementor-element-0559f92 e-flex e-con-boxed e-con e-child\" data-id=\"0559f92\" data-element_type=\"container\" data-settings=\"{&quot;content_width&quot;:&quot;boxed&quot;}\">\n\t\t\t\t\t<div class=\"e-con-inner\">\n\t\t\t\t<div class=\"elementor-element elementor-element-e4008e8 elementor-widget__width-initial elementor-widget-mobile__width-auto elementor-widget elementor-widget-text-editor\" data-id=\"e4008e8\" data-element_type=\"widget\" data-widget_type=\"text-editor.default\">\n\t\t\t\t<div class=\"elementor-widget-container\">\n\t\t\t\t\t\t\t<p>Gloria in exceslis Deo<\/p><p>Et in terra pax<\/p><p>Laudamus te<\/p><p>Domine Deus (Adagio)<\/p><p>Qui tollis peccata mundi<\/p><p>Quoniam tu solus sanctus (Andante-Allegro)<\/p>\t\t\t\t\t\t<\/div>\n\t\t\t\t<\/div>\n\t\t\t\t\t<\/div>\n\t\t\t\t<\/div>\n\t\t\t\t\t<\/div>\n\t\t\t\t<\/div>\n\t\t\t\t<\/div>\n\t\t\t\t<\/div>\n\t\t<div class=\"elementor-element elementor-element-8651ec9 e-con-full e-flex e-con e-child\" data-id=\"8651ec9\" data-element_type=\"container\" data-settings=\"{&quot;background_background&quot;:&quot;classic&quot;,&quot;content_width&quot;:&quot;full&quot;}\">\n\t\t<div class=\"elementor-element elementor-element-11260f8 e-con-full e-flex e-con e-child\" data-id=\"11260f8\" data-element_type=\"container\" data-settings=\"{&quot;content_width&quot;:&quot;full&quot;}\">\n\t\t\t\t<div class=\"elementor-element elementor-element-2122f16 elementor-widget__width-initial elementor-widget elementor-widget-image\" data-id=\"2122f16\" data-element_type=\"widget\" data-widget_type=\"image.default\">\n\t\t\t\t<div class=\"elementor-widget-container\">\n\t\t\t\t\t\t\t\t\t\t\t\t\t<img decoding=\"async\" width=\"1200\" height=\"1200\" src=\"https:\/\/reka-kristof.com\/wp-content\/uploads\/2024\/01\/900351-1.jpg\" class=\"attachment-full size-full wp-image-1441\" alt=\"CD Verdi\" srcset=\"https:\/\/reka-kristof.com\/wp-content\/uploads\/2024\/01\/900351-1.jpg 1200w, https:\/\/reka-kristof.com\/wp-content\/uploads\/2024\/01\/900351-1-300x300.jpg 300w, https:\/\/reka-kristof.com\/wp-content\/uploads\/2024\/01\/900351-1-1024x1024.jpg 1024w, https:\/\/reka-kristof.com\/wp-content\/uploads\/2024\/01\/900351-1-150x150.jpg 150w, https:\/\/reka-kristof.com\/wp-content\/uploads\/2024\/01\/900351-1-768x768.jpg 768w, https:\/\/reka-kristof.com\/wp-content\/uploads\/2024\/01\/900351-1-12x12.jpg 12w, https:\/\/reka-kristof.com\/wp-content\/uploads\/2024\/01\/elementor\/thumbs\/900351-1-qjod1wkbmzk5mb401c31n4mk9gay28h1ns5rovxdwg.jpg 400w\" sizes=\"(max-width: 1200px) 100vw, 1200px\" \/>\t\t\t\t\t\t\t\t\t\t\t\t\t<\/div>\n\t\t\t\t<\/div>\n\t\t<div class=\"elementor-element elementor-element-487f4cf e-flex e-con-boxed e-con e-child\" data-id=\"487f4cf\" data-element_type=\"container\" data-settings=\"{&quot;content_width&quot;:&quot;boxed&quot;}\">\n\t\t\t\t\t<div class=\"e-con-inner\">\n\t\t\t\t<div class=\"elementor-element elementor-element-cb381b4 elementor-widget elementor-widget-text-editor\" data-id=\"cb381b4\" data-element_type=\"widget\" data-widget_type=\"text-editor.default\">\n\t\t\t\t<div class=\"elementor-widget-container\">\n\t\t\t\t\t\t\t<p style=\"text-align: justify;\">Ivan Repusic a M\u00fcncheni R\u00e1di\u00f3zenekar vezet\u0151 karmesterek\u00e9nt ezzel a lemezzel folytatja a ritk\u00e1n j\u00e1tszott olasz oper\u00e1k felv\u00e9teleinek ciklus\u00e1t. A felv\u00e9tel 2023. \u00e1prilis 23-\u00e1n a m\u00fcncheni Prinzregententheaterben k\u00e9sz\u00fclt.<\/p><p style=\"text-align: justify;\">Viclinda szerep\u00e9ben Krist\u00f3f R\u00e9k\u00e1t a k\u00f6z\u00f6ns\u00e9g el\u0151sz\u00f6r hallhatja Verdit \u00e9nekelni.\u00a0<\/p>\t\t\t\t\t\t<\/div>\n\t\t\t\t<\/div>\n\t\t<div class=\"elementor-element elementor-element-1d71f68 e-con-full e-flex e-con e-child\" data-id=\"1d71f68\" data-element_type=\"container\" data-settings=\"{&quot;content_width&quot;:&quot;full&quot;}\">\n\t\t\t\t<div class=\"elementor-element elementor-element-b551246 elementor-align-center elementor-tablet-align-center elementor-widget__width-initial elementor-widget elementor-widget-button\" data-id=\"b551246\" data-element_type=\"widget\" data-widget_type=\"button.default\">\n\t\t\t\t<div class=\"elementor-widget-container\">\n\t\t\t\t\t<div class=\"elementor-button-wrapper\">\n\t\t\t<a class=\"elementor-button elementor-button-link elementor-size-md\" href=\"https:\/\/reka-kristof.com\/kapcsolat\/\">\n\t\t\t\t\t\t<span class=\"elementor-button-content-wrapper\">\n\t\t\t\t\t\t<span class=\"elementor-button-text\">Megrendel\u00e9s<\/span>\n\t\t<\/span>\n\t\t\t\t\t<\/a>\n\t\t<\/div>\n\t\t\t\t<\/div>\n\t\t\t\t<\/div>\n\t\t\t\t<div class=\"elementor-element elementor-element-10dc08d elementor-align-center showme2 elementor-tablet-align-center elementor-widget__width-initial elementor-widget elementor-widget-button\" data-id=\"10dc08d\" data-element_type=\"widget\" data-widget_type=\"button.default\">\n\t\t\t\t<div class=\"elementor-widget-container\">\n\t\t\t\t\t<div class=\"elementor-button-wrapper\">\n\t\t\t<a class=\"elementor-button elementor-size-md\" role=\"button\">\n\t\t\t\t\t\t<span class=\"elementor-button-content-wrapper\">\n\t\t\t\t\t\t<span class=\"elementor-button-text\">Inform\u00e1ci\u00f3<\/span>\n\t\t<\/span>\n\t\t\t\t\t<\/a>\n\t\t<\/div>\n\t\t\t\t<\/div>\n\t\t\t\t<\/div>\n\t\t\t\t<\/div>\n\t\t\t\t\t<\/div>\n\t\t\t\t<\/div>\n\t\t\t\t<\/div>\n\t\t<div class=\"elementor-element elementor-element-3af3193 e-con-full szamlistaid2 elementor-hidden-desktop elementor-hidden-tablet elementor-hidden-mobile e-flex e-con e-child\" data-id=\"3af3193\" data-element_type=\"container\" id=\"szamlistaid2\" data-settings=\"{&quot;content_width&quot;:&quot;full&quot;}\">\n\t\t\t\t<div class=\"elementor-element elementor-element-672e115 elementor-widget__width-inherit elementor-widget elementor-widget-text-editor\" data-id=\"672e115\" data-element_type=\"widget\" data-widget_type=\"text-editor.default\">\n\t\t\t\t<div class=\"elementor-widget-container\">\n\t\t\t\t\t\t\t<p>Nino Machaidze \u2013 Giselda (Sopran)<br \/>R\u00e9ka Krist\u00f3f \u2013 Viclinda (Sopran)<br \/>Piero Pretti \u2013 Oronte (Tenor)<br \/>Galeano Salas \u2013 Arvino (Tenor)<br \/>Mikl\u00f3s Sebesty\u00e9n \u2013 Pirro (Bassbariton)<br \/>Michele Pertusi \u2013 Pagano (Bass)<br \/>Ruth Volpert \u2013 Sofia (Mezzosopran)<br \/>Nikolaus Pfannkuch \u2013 Prior (Tenor)<br \/>Andreas Burkhart \u2013 Acciano (Bariton)<\/p><p>\u00a0<\/p><p>Chor des Bayerischen Rundfunks<br \/>Stellario Fagone, Einstudierung<\/p><p>\u00a0<\/p><p>M\u00fcnchner Rundfunkorchester<br \/>Ivan Repu\u0161i\u0107, Leitung<\/p>\t\t\t\t\t\t<\/div>\n\t\t\t\t<\/div>\n\t\t\t\t<\/div>\n\t\t\t\t<\/div>\n\t\t<div class=\"elementor-element elementor-element-7e90f4c e-con-full e-flex e-con e-child\" data-id=\"7e90f4c\" data-element_type=\"container\" data-settings=\"{&quot;background_background&quot;:&quot;classic&quot;,&quot;content_width&quot;:&quot;full&quot;}\">\n\t\t<div class=\"elementor-element elementor-element-f8e8ffd e-con-full e-flex e-con e-child\" data-id=\"f8e8ffd\" data-element_type=\"container\" data-settings=\"{&quot;content_width&quot;:&quot;full&quot;}\">\n\t\t\t\t<div class=\"elementor-element elementor-element-2c1e375 elementor-widget__width-initial elementor-widget elementor-widget-image\" data-id=\"2c1e375\" data-element_type=\"widget\" data-widget_type=\"image.default\">\n\t\t\t\t<div class=\"elementor-widget-container\">\n\t\t\t\t\t\t\t\t\t\t\t\t\t<img decoding=\"async\" width=\"1523\" height=\"1510\" src=\"https:\/\/reka-kristof.com\/wp-content\/uploads\/2024\/03\/BRUSA-CD-5.png\" class=\"attachment-full size-full wp-image-2848\" alt=\"\" srcset=\"https:\/\/reka-kristof.com\/wp-content\/uploads\/2024\/03\/BRUSA-CD-5.png 1523w, https:\/\/reka-kristof.com\/wp-content\/uploads\/2024\/03\/BRUSA-CD-5-300x297.png 300w, https:\/\/reka-kristof.com\/wp-content\/uploads\/2024\/03\/BRUSA-CD-5-1024x1015.png 1024w, https:\/\/reka-kristof.com\/wp-content\/uploads\/2024\/03\/BRUSA-CD-5-150x150.png 150w, https:\/\/reka-kristof.com\/wp-content\/uploads\/2024\/03\/BRUSA-CD-5-768x761.png 768w, https:\/\/reka-kristof.com\/wp-content\/uploads\/2024\/03\/BRUSA-CD-5-12x12.png 12w\" sizes=\"(max-width: 1523px) 100vw, 1523px\" \/>\t\t\t\t\t\t\t\t\t\t\t\t\t<\/div>\n\t\t\t\t<\/div>\n\t\t<div class=\"elementor-element elementor-element-4553692 e-flex e-con-boxed e-con e-child\" data-id=\"4553692\" data-element_type=\"container\" data-settings=\"{&quot;content_width&quot;:&quot;boxed&quot;}\">\n\t\t\t\t\t<div class=\"e-con-inner\">\n\t\t\t\t<div class=\"elementor-element elementor-element-db65836 elementor-widget elementor-widget-text-editor\" data-id=\"db65836\" data-element_type=\"widget\" data-widget_type=\"text-editor.default\">\n\t\t\t\t<div class=\"elementor-widget-container\">\n\t\t\t\t\t\t\t<p style=\"text-align: justify;\">Az olasz zeneszerz\u0151, Elisabetta Brusa \u00f6t\u00f6dik lemeze 2024 \u00e1prilis\u00e1ban jelenik meg a Naxos gondoz\u00e1s\u00e1ban, amely a zeneszerz\u0151 spiritu\u00e1lis \u00e9rz\u00e9seibe ad betekint\u00e9st. A Stabat Mater, amelyet Krist\u00f3f R\u00e9ka \u00e9nekel a Magyar R\u00e1di\u00f3zenekar k\u00eds\u00e9ret\u00e9ben, a Requiem pr\u00f3b\u00e1jak\u00e9nt \u00edr\u00f3dott. Mindk\u00e9t m\u0171 a szakr\u00e1lis m\u0171vek klasszikus form\u00e1j\u00e1t k\u00f6veti.\u00a0<\/p><p>\u00a0<\/p><p>A felv\u00e9telt a Magyar R\u00e1di\u00f3 6-os st\u00fadi\u00f3j\u00e1ban 2023. j\u00fanius\u00e1ban r\u00f6gz\u00edtett\u00e9k.<\/p>\t\t\t\t\t\t<\/div>\n\t\t\t\t<\/div>\n\t\t<div class=\"elementor-element elementor-element-3c7cdc1 e-con-full e-flex e-con e-child\" data-id=\"3c7cdc1\" data-element_type=\"container\" data-settings=\"{&quot;content_width&quot;:&quot;full&quot;}\">\n\t\t\t\t<div class=\"elementor-element elementor-element-77b42dd elementor-align-center elementor-tablet-align-center elementor-widget__width-initial elementor-widget elementor-widget-button\" data-id=\"77b42dd\" data-element_type=\"widget\" data-widget_type=\"button.default\">\n\t\t\t\t<div class=\"elementor-widget-container\">\n\t\t\t\t\t<div class=\"elementor-button-wrapper\">\n\t\t\t<a class=\"elementor-button elementor-button-link elementor-size-md\" href=\"https:\/\/reka-kristof.com\/kapcsolat\/\">\n\t\t\t\t\t\t<span class=\"elementor-button-content-wrapper\">\n\t\t\t\t\t\t<span class=\"elementor-button-text\">Megrendel\u00e9s<\/span>\n\t\t<\/span>\n\t\t\t\t\t<\/a>\n\t\t<\/div>\n\t\t\t\t<\/div>\n\t\t\t\t<\/div>\n\t\t\t\t<div class=\"elementor-element elementor-element-d6a7acf elementor-align-center showme3 elementor-tablet-align-center elementor-widget__width-initial elementor-widget elementor-widget-button\" data-id=\"d6a7acf\" data-element_type=\"widget\" data-widget_type=\"button.default\">\n\t\t\t\t<div class=\"elementor-widget-container\">\n\t\t\t\t\t<div class=\"elementor-button-wrapper\">\n\t\t\t<a class=\"elementor-button elementor-size-md\" role=\"button\">\n\t\t\t\t\t\t<span class=\"elementor-button-content-wrapper\">\n\t\t\t\t\t\t<span class=\"elementor-button-text\">Inform\u00e1ci\u00f3<\/span>\n\t\t<\/span>\n\t\t\t\t\t<\/a>\n\t\t<\/div>\n\t\t\t\t<\/div>\n\t\t\t\t<\/div>\n\t\t\t\t<\/div>\n\t\t\t\t\t<\/div>\n\t\t\t\t<\/div>\n\t\t\t\t<\/div>\n\t\t<div class=\"elementor-element elementor-element-91045e6 e-con-full szamlistaid3 elementor-hidden-desktop elementor-hidden-tablet elementor-hidden-mobile e-flex e-con e-child\" data-id=\"91045e6\" data-element_type=\"container\" id=\"szamlistaid3\" data-settings=\"{&quot;content_width&quot;:&quot;full&quot;}\">\n\t\t\t\t<div class=\"elementor-element elementor-element-dac1593 elementor-widget__width-inherit elementor-widget elementor-widget-text-editor\" data-id=\"dac1593\" data-element_type=\"widget\" data-widget_type=\"text-editor.default\">\n\t\t\t\t<div class=\"elementor-widget-container\">\n\t\t\t\t\t\t\t<p>R\u00e9ka Krist\u00f3f (Sopran)<\/p><p>Dorottya L\u00e1ng (Alto)<\/p><p>Istv\u00e1n Horv\u00e1th (Tenor)<br \/>Marcell Bakonyi (Bass)<\/p><p>\u00a0<\/p><p>K\u00f6zrem\u0171k\u00f6dik a Magyar R\u00e1di\u00f3 Zenekara \u00e9s \u00c9nekkara<\/p><p>\u00a0<\/p><p>Vez\u00e9nyel Riccardo Frizza<\/p>\t\t\t\t\t\t<\/div>\n\t\t\t\t<\/div>\n\t\t\t\t<\/div>\n\t\t\t\t<\/div>\n\t\t<div class=\"elementor-element elementor-element-65bf232 e-con-full e-flex e-con e-child\" data-id=\"65bf232\" data-element_type=\"container\" data-settings=\"{&quot;background_background&quot;:&quot;classic&quot;,&quot;content_width&quot;:&quot;full&quot;}\">\n\t\t<div class=\"elementor-element elementor-element-cec04bb e-con-full e-flex e-con e-child\" data-id=\"cec04bb\" data-element_type=\"container\" data-settings=\"{&quot;content_width&quot;:&quot;full&quot;}\">\n\t\t\t\t<div class=\"elementor-element elementor-element-94badc7 elementor-widget__width-initial elementor-widget elementor-widget-image\" data-id=\"94badc7\" data-element_type=\"widget\" data-widget_type=\"image.default\">\n\t\t\t\t<div class=\"elementor-widget-container\">\n\t\t\t\t\t\t\t\t\t\t\t\t\t<img loading=\"lazy\" decoding=\"async\" width=\"1683\" height=\"1518\" src=\"https:\/\/reka-kristof.com\/wp-content\/uploads\/2024\/01\/CD-Reka-elolap.jpg\" class=\"attachment-full size-full wp-image-1459\" alt=\"CD R\u00e9ka photo\" srcset=\"https:\/\/reka-kristof.com\/wp-content\/uploads\/2024\/01\/CD-Reka-elolap.jpg 1683w, https:\/\/reka-kristof.com\/wp-content\/uploads\/2024\/01\/CD-Reka-elolap-300x271.jpg 300w, https:\/\/reka-kristof.com\/wp-content\/uploads\/2024\/01\/CD-Reka-elolap-1024x924.jpg 1024w, https:\/\/reka-kristof.com\/wp-content\/uploads\/2024\/01\/CD-Reka-elolap-768x693.jpg 768w, https:\/\/reka-kristof.com\/wp-content\/uploads\/2024\/01\/CD-Reka-elolap-1536x1385.jpg 1536w, https:\/\/reka-kristof.com\/wp-content\/uploads\/2024\/01\/CD-Reka-elolap-13x12.jpg 13w\" sizes=\"(max-width: 1683px) 100vw, 1683px\" \/>\t\t\t\t\t\t\t\t\t\t\t\t\t<\/div>\n\t\t\t\t<\/div>\n\t\t<div class=\"elementor-element elementor-element-93d6df9 e-flex e-con-boxed e-con e-child\" data-id=\"93d6df9\" data-element_type=\"container\" data-settings=\"{&quot;content_width&quot;:&quot;boxed&quot;}\">\n\t\t\t\t\t<div class=\"e-con-inner\">\n\t\t\t\t<div class=\"elementor-element elementor-element-10b8402 elementor-widget elementor-widget-text-editor\" data-id=\"10b8402\" data-element_type=\"widget\" data-widget_type=\"text-editor.default\">\n\t\t\t\t<div class=\"elementor-widget-container\">\n\t\t\t\t\t\t\t<p style=\"text-align: justify;\">Luigi Boccherini (1743\u20131805) a 18. sz\u00e1zad m\u00e1sodik fel\u00e9nek virtu\u00f3z gordonk\u00e1sa \u00e9s jelent\u0151s zeneszerz\u0151je volt. A Stabat mater a katolikus siralom\u00e9nekek egyike, amely J\u00e9zus Krisztus kereszthal\u00e1l\u00e1r\u00f3l \u00e9s az anyja, M\u00e1ria f\u00e1jdalm\u00e1r\u00f3l sz\u00f3l. Boccherini ezt zen\u00e9s\u00edtette meg el\u0151sz\u00f6r 1781-ben, amikor a spanyol kir\u00e1ly \u00f6ccse, chinch\u00f3ni Lajos gr\u00f3f patron\u00e1lta. Egy Palacio de la Mosquer\u00e1ban (Arenas de San Pedro) tartott liturgikus istentiszteletre k\u00e9sz\u00fclt a m\u0171, innovat\u00edv m\u00f3don egy szopr\u00e1n\u00e9nekesre \u00e9s egy von\u00f3s\u00f6t\u00f6sre. A felv\u00e9telen hallhat\u00f3 hangszerek vagy korabeliek, vagy azok egzakt k\u00f3pi\u00e1i, \u00e9s megsz\u00f3laltat\u00e1suk is a 18. sz\u00e1zad m\u00e1sodik fel\u00e9nek elveit k\u00f6veti.<\/p>\t\t\t\t\t\t<\/div>\n\t\t\t\t<\/div>\n\t\t<div class=\"elementor-element elementor-element-44818a5 e-con-full e-flex e-con e-child\" data-id=\"44818a5\" data-element_type=\"container\" data-settings=\"{&quot;content_width&quot;:&quot;full&quot;}\">\n\t\t\t\t<div class=\"elementor-element elementor-element-3d1abda elementor-align-center showme4 elementor-tablet-align-center elementor-widget__width-initial elementor-widget elementor-widget-button\" data-id=\"3d1abda\" data-element_type=\"widget\" data-widget_type=\"button.default\">\n\t\t\t\t<div class=\"elementor-widget-container\">\n\t\t\t\t\t<div class=\"elementor-button-wrapper\">\n\t\t\t<a class=\"elementor-button elementor-size-md\" role=\"button\">\n\t\t\t\t\t\t<span class=\"elementor-button-content-wrapper\">\n\t\t\t\t\t\t<span class=\"elementor-button-text\">Inform\u00e1ci\u00f3<\/span>\n\t\t<\/span>\n\t\t\t\t\t<\/a>\n\t\t<\/div>\n\t\t\t\t<\/div>\n\t\t\t\t<\/div>\n\t\t\t\t<div class=\"elementor-element elementor-element-f83bf0f elementor-align-center elementor-tablet-align-center elementor-widget__width-initial elementor-widget elementor-widget-button\" data-id=\"f83bf0f\" data-element_type=\"widget\" data-widget_type=\"button.default\">\n\t\t\t\t<div class=\"elementor-widget-container\">\n\t\t\t\t\t<div class=\"elementor-button-wrapper\">\n\t\t\t<a class=\"elementor-button elementor-button-link elementor-size-md\" href=\"https:\/\/reka-kristof.com\/kapcsolat\/\">\n\t\t\t\t\t\t<span class=\"elementor-button-content-wrapper\">\n\t\t\t\t\t\t<span class=\"elementor-button-text\">Megrendel\u00e9s<\/span>\n\t\t<\/span>\n\t\t\t\t\t<\/a>\n\t\t<\/div>\n\t\t\t\t<\/div>\n\t\t\t\t<\/div>\n\t\t\t\t<\/div>\n\t\t\t\t\t<\/div>\n\t\t\t\t<\/div>\n\t\t\t\t<\/div>\n\t\t<div class=\"elementor-element elementor-element-ddfb248 e-con-full szamlistaid4 elementor-hidden-desktop elementor-hidden-tablet elementor-hidden-mobile e-flex e-con e-child\" data-id=\"ddfb248\" data-element_type=\"container\" id=\"szamlistaid4\" data-settings=\"{&quot;content_width&quot;:&quot;full&quot;}\">\n\t\t\t\t<div class=\"elementor-element elementor-element-8afa9e2 elementor-widget__width-inherit elementor-widget elementor-widget-text-editor\" data-id=\"8afa9e2\" data-element_type=\"widget\" data-widget_type=\"text-editor.default\">\n\t\t\t\t<div class=\"elementor-widget-container\">\n\t\t\t\t\t\t\t<p>Krist\u00f3f R\u00e9ka &#8211; szopr\u00e1n<\/p><p>N\u00e9meth Zsombor \u2013 heged\u0171, zenekar vezet\u0151je<\/p><p>Hatos Cecilia &#8211; heged\u0171<\/p><p>Vizeli M\u00e1t\u00e9 \u2013 br\u00e1csa<\/p><p>Geiger Estilla &#8211; csell\u00f3<\/p><p>D\u00e9nes-Worowski Marcell \u2013 nagyb\u0151g\u0151<\/p><p>Rossa Levente \u2013 hangm\u00e9rn\u00f6k<\/p><p>Kempl Zsombor &#8211; k\u00e9pek<\/p><p>\u00a0<\/p><p>T\u00e1mogat\u00f3k:<\/p><p>Kultminor<\/p><p>Nemzeti Kultur\u00e1lis Alap<\/p><p>Kom\u00e1rom V\u00e1rosa<\/p>\t\t\t\t\t\t<\/div>\n\t\t\t\t<\/div>\n\t\t\t\t<\/div>\n\t\t\t\t<\/div>\n\t\t<div class=\"elementor-element elementor-element-10622c3 e-con-full e-flex e-con e-child\" data-id=\"10622c3\" data-element_type=\"container\" data-settings=\"{&quot;content_width&quot;:&quot;full&quot;}\">\n\t\t\t\t<div class=\"elementor-element elementor-element-44df295 elementor-widget__width-auto elementor-fixed elementor-view-default elementor-widget elementor-widget-icon\" data-id=\"44df295\" data-element_type=\"widget\" data-settings=\"{&quot;_position&quot;:&quot;fixed&quot;,&quot;motion_fx_motion_fx_scrolling&quot;:&quot;yes&quot;,&quot;motion_fx_opacity_effect&quot;:&quot;yes&quot;,&quot;motion_fx_opacity_range&quot;:{&quot;unit&quot;:&quot;%&quot;,&quot;size&quot;:&quot;&quot;,&quot;sizes&quot;:{&quot;start&quot;:25,&quot;end&quot;:35}},&quot;motion_fx_opacity_direction&quot;:&quot;out-in&quot;,&quot;motion_fx_opacity_level&quot;:{&quot;unit&quot;:&quot;px&quot;,&quot;size&quot;:10,&quot;sizes&quot;:[]},&quot;motion_fx_devices&quot;:[&quot;desktop&quot;,&quot;tablet&quot;,&quot;mobile&quot;]}\" data-widget_type=\"icon.default\">\n\t\t\t\t<div class=\"elementor-widget-container\">\n\t\t\t\t\t<div class=\"elementor-icon-wrapper\">\n\t\t\t<a class=\"elementor-icon\" href=\"#scrolltotop\">\n\t\t\t<i aria-hidden=\"true\" class=\"fas fa-arrow-up\"><\/i>\t\t\t<\/a>\n\t\t<\/div>\n\t\t\t\t<\/div>\n\t\t\t\t<\/div>\n\t\t\t\t<\/div>\n\t\t\t\t\t<\/div>\n\t\t\t\t<\/div>\n\t\t\t\t<\/div>\n\t\t","protected":false},"excerpt":{"rendered":"<p>Krist\u00f3f R\u00e9ka deb\u00fct\u00e1l\u00f3 lemeze 2019 m\u00e1rcius\u00e1ban\u00a0jelent meg a Coviello Classics kiad\u00f3n\u00e1l.\u00a0Historikus hangszereken az Accademia di Monaco j\u00e1tszik\u00a0Joachim Tschiedel vezet\u00e9se alatt.\u00a0 A lemezt a Deutsche Schallplattenkritik d\u00edj\u00e1ra nevezt\u00e9k a megjelen\u00e9se \u00e9v\u00e9ben. Megrendel\u00e9s Sz\u00e1mlista ANTONIO VIVALDI &#8211; In furore iustissimae irae RV 626 Motetta szopr\u00e1nra, k\u00e9t heged\u0171re, br\u00e1cs\u00e1ra \u00e9s basso contiun\u00f3ra (R\u00f3ma 1723\/24) Aria: In furore iustissimae &#8230; <a title=\"DISKOGRAPHIE\" class=\"read-more\" href=\"https:\/\/reka-kristof.com\/de\/diszkografia\/\" aria-label=\"Mehr Informationen \u00fcber DISZKOGR\u00c1FIA\">Weiterlesen<\/a><\/p>","protected":false},"author":1,"featured_media":163,"parent":0,"menu_order":0,"comment_status":"closed","ping_status":"closed","template":"elementor_header_footer","meta":{"_seopress_robots_primary_cat":"","_seopress_titles_title":"","_seopress_titles_desc":"","_seopress_robots_index":"","footnotes":""},"_links":{"self":[{"href":"https:\/\/reka-kristof.com\/de\/wp-json\/wp\/v2\/pages\/112"}],"collection":[{"href":"https:\/\/reka-kristof.com\/de\/wp-json\/wp\/v2\/pages"}],"about":[{"href":"https:\/\/reka-kristof.com\/de\/wp-json\/wp\/v2\/types\/page"}],"author":[{"embeddable":true,"href":"https:\/\/reka-kristof.com\/de\/wp-json\/wp\/v2\/users\/1"}],"replies":[{"embeddable":true,"href":"https:\/\/reka-kristof.com\/de\/wp-json\/wp\/v2\/comments?post=112"}],"version-history":[{"count":442,"href":"https:\/\/reka-kristof.com\/de\/wp-json\/wp\/v2\/pages\/112\/revisions"}],"predecessor-version":[{"id":3264,"href":"https:\/\/reka-kristof.com\/de\/wp-json\/wp\/v2\/pages\/112\/revisions\/3264"}],"wp:featuredmedia":[{"embeddable":true,"href":"https:\/\/reka-kristof.com\/de\/wp-json\/wp\/v2\/media\/163"}],"wp:attachment":[{"href":"https:\/\/reka-kristof.com\/de\/wp-json\/wp\/v2\/media?parent=112"}],"curies":[{"name":"wp","href":"https:\/\/api.w.org\/{rel}","templated":true}]}}