{"id":3,"date":"2023-08-21T05:20:04","date_gmt":"2023-08-21T05:20:04","guid":{"rendered":"https:\/\/reka-kristof.com\/?page_id=3"},"modified":"2024-03-10T23:09:28","modified_gmt":"2024-03-10T22:09:28","slug":"privacy-policy","status":"publish","type":"page","link":"https:\/\/reka-kristof.com\/de\/privacy-policy\/","title":{"rendered":"Datenschutz"},"content":{"rendered":"\t\t<div data-elementor-type=\"wp-page\" data-elementor-id=\"3\" class=\"elementor elementor-3\" data-elementor-post-type=\"page\">\n\t\t\t\t<div class=\"elementor-element elementor-element-6ad67f7d e-flex e-con-boxed e-con e-parent\" data-id=\"6ad67f7d\" data-element_type=\"container\" data-settings=\"{&quot;content_width&quot;:&quot;boxed&quot;}\" data-core-v316-plus=\"true\">\n\t\t\t\t\t<div class=\"e-con-inner\">\n\t\t\t\t<div class=\"elementor-element elementor-element-1a4f66a elementor-widget elementor-widget-heading\" data-id=\"1a4f66a\" data-element_type=\"widget\" data-widget_type=\"heading.default\">\n\t\t\t\t<div class=\"elementor-widget-container\">\n\t\t\t<style>\/*! elementor - v3.19.0 - 07-02-2024 *\/\n.elementor-heading-title{padding:0;margin:0;line-height:1}.elementor-widget-heading .elementor-heading-title[class*=elementor-size-]>a{color:inherit;font-size:inherit;line-height:inherit}.elementor-widget-heading .elementor-heading-title.elementor-size-small{font-size:15px}.elementor-widget-heading .elementor-heading-title.elementor-size-medium{font-size:19px}.elementor-widget-heading .elementor-heading-title.elementor-size-large{font-size:29px}.elementor-widget-heading .elementor-heading-title.elementor-size-xl{font-size:39px}.elementor-widget-heading .elementor-heading-title.elementor-size-xxl{font-size:59px}<\/style><h1 class=\"elementor-heading-title elementor-size-default\">Adatv\u00e9delmi nyilatkozat<\/h1>\t\t<\/div>\n\t\t\t\t<\/div>\n\t\t\t\t<div class=\"elementor-element elementor-element-1e80b297 elementor-widget elementor-widget-text-editor\" data-id=\"1e80b297\" data-element_type=\"widget\" data-widget_type=\"text-editor.default\">\n\t\t\t\t<div class=\"elementor-widget-container\">\n\t\t\t<style>\/*! elementor - v3.19.0 - 07-02-2024 *\/\n.elementor-widget-text-editor.elementor-drop-cap-view-stacked .elementor-drop-cap{background-color:#69727d;color:#fff}.elementor-widget-text-editor.elementor-drop-cap-view-framed .elementor-drop-cap{color:#69727d;border:3px solid;background-color:transparent}.elementor-widget-text-editor:not(.elementor-drop-cap-view-default) .elementor-drop-cap{margin-top:8px}.elementor-widget-text-editor:not(.elementor-drop-cap-view-default) .elementor-drop-cap-letter{width:1em;height:1em}.elementor-widget-text-editor .elementor-drop-cap{float:left;text-align:center;line-height:1;font-size:50px}.elementor-widget-text-editor .elementor-drop-cap-letter{display:inline-block}<\/style>\t\t\t\t<!-- wp:paragraph -->\n<p><\/p>\n<!-- \/wp:paragraph -->\n\n<!-- wp:heading {\"level\":1} -->\n<h1 class=\"wp-block-heading\">1, BEVEZET\u0150<\/h1>\n<!-- \/wp:heading -->\n\n<!-- wp:paragraph -->\n<p>Sz\u00e1munkra nagyon fontos, hogy betartsuk az aktu\u00e1lisan \u00e9rv\u00e9nyes adatv\u00e9delmi szab\u00e1lyoz\u00e1st \u00e9s t\u00f6rv\u00e9nyeket, \u00edgy az al\u00e1bbiakban r\u00e9szletesen t\u00e1rgyaljuk bemutatjuk a\u00a0<strong>https:\/\/reka-kristof.com<\/strong><strong>\u00a0oldal \u00e9s Krist\u00f3f R\u00e9ka e.v. (tov\u00e1bbiakba: v\u00e1llalkoz\u00e1s)\u00a0<\/strong>adatv\u00e9delemre ir\u00e1nyul\u00f3 l\u00e9p\u00e9seit, \u00e9s az adatgy\u0171jt\u00e9ssel kapcsolatos folyamatait.<\/p>\n<!-- \/wp:paragraph -->\n\n<!-- wp:paragraph -->\n<p>Az adatokat a&nbsp;<strong>v\u00e1llalkoz\u00e1s<\/strong>&nbsp;kezeli, \u00e9s ez a c\u00e9g felel\u0151s a szem\u00e9lyes adatok kezel\u00e9s\u00e9\u00e9rt.<\/p>\n<!-- \/wp:paragraph -->\n\n<!-- wp:paragraph -->\n<p>Kapcsolati adatok:<\/p>\n<!-- \/wp:paragraph -->\n\n<!-- wp:paragraph -->\n<p><strong>Teljes jogi n\u00e9v: Krist\u00f3f R\u00e9ka e.v.<\/strong><\/p>\n<!-- \/wp:paragraph -->\n\n<!-- wp:paragraph -->\n<p><strong>E-mail c\u00edm: kontakt@reka-kristof.com<\/strong><\/p>\n<!-- \/wp:paragraph -->\n\n<!-- wp:paragraph -->\n<p><strong>Postai c\u00edm: <\/strong><\/p>\n<!-- \/wp:paragraph -->\n\n<!-- wp:heading {\"level\":1} -->\n<h1 class=\"wp-block-heading\">2, MILYEN SZEM\u00c9LYES ADATOKAT KEZEL\u00dcNK, \u00c9S MILYEN OKKAL?<\/h1>\n<!-- \/wp:heading -->\n\n<!-- wp:paragraph -->\n<p>A szem\u00e9lyes adatok azok, amik egy\u00e9rtelm\u0171en lehet\u0151v\u00e9 teszik egy egy\u00e9n pontos azonos\u00edt\u00e1s\u00e1t.<\/p>\n<!-- \/wp:paragraph -->\n\n<!-- wp:paragraph -->\n<p>A\u00a0<strong>https:\/\/reka-kristof.com<\/strong>\u00a0oldalon az al\u00e1bbi szem\u00e9lyes adatokat kezelj\u00fck, a jogalap pontos megjel\u00f6l\u00e9s\u00e9vel:<\/p>\n<!-- \/wp:paragraph -->\n\n<!-- wp:paragraph -->\n<p><strong>KOMMUNIK\u00c1CI\u00d3S ADATOK<\/strong><br>Ide tartozik b\u00e1rmilyen \u00fczenet, amit a weboldalon kereszt\u00fcl, e-mailben, k\u00f6z\u00f6ss\u00e9gi m\u00e9dia \u00fczenetben, vagy b\u00e1rmilyen kommunik\u00e1ci\u00f3s form\u00e1ban juttatsz el hozz\u00e1nk.<\/p>\n<!-- \/wp:paragraph -->\n\n<!-- wp:paragraph -->\n<p>Ezeket az adatokat az\u00e9rt dolgozzuk fel \u00e9s tartjuk meg, hogy a rendel\u00e9seket teljes\u00edteni tudjuk, \u00e9s hogy esetleges jogi ig\u00e9nyek eset\u00e9n d\u00f6nt\u00e9si alapot szolg\u00e1ltassanak.<\/p>\n<!-- \/wp:paragraph -->\n\n<!-- wp:paragraph -->\n<p>A jogalapunk ennek a feldolgoz\u00e1s\u00e1ra a felhaszn\u00e1l\u00f3 igazolhat\u00f3 \u00e9rdekl\u0151d\u00e9se a tev\u00e9kenys\u00e9g\u00fcnk fel\u00e9, ami megnyilv\u00e1nul a nek\u00fcnk c\u00edmzett \u00fczenetekben.<\/p>\n<!-- \/wp:paragraph -->\n\n<!-- wp:paragraph -->\n<p><strong>V\u00c1S\u00c1RL\u00d3I ADATOK<\/strong><br>Amibe beletartozik minden adat, ami a term\u00e9kek \u00e9s szolg\u00e1ltat\u00e1sok v\u00e1s\u00e1rl\u00e1s\u00e1val kapcsolatos, mint p\u00e9ld\u00e1ul a v\u00e1s\u00e1rl\u00f3 neve, sz\u00e1ll\u00edt\u00e1si \u00e9s sz\u00e1ml\u00e1z\u00e1si c\u00edme, e-mail c\u00edme, telefonsz\u00e1ma, v\u00e1s\u00e1rolt term\u00e9k adatai.<\/p>\n<!-- \/wp:paragraph -->\n\n<!-- wp:paragraph -->\n<p>Ezeket az adatokat a rendel\u00e9sek sikeres teljes\u00edt\u00e9se \u00e9rdek\u00e9ben dolgozzuk fel, \u00e9s hogy jogilag megfelel\u0151 feljegyz\u00e9seink legyenek a v\u00e1s\u00e1rl\u00e1sokr\u00f3l.<\/p>\n<!-- \/wp:paragraph -->\n\n<!-- wp:paragraph -->\n<p>Az adatok t\u00e1rol\u00e1s\u00e1nak jogalapja a rendel\u00e9ssel l\u00e9trej\u00f6v\u0151 szerz\u0151d\u00e9s teljes\u00edt\u00e9se a v\u00e1s\u00e1rl\u00f3 \u00e9s Krist\u00f3f R\u00e9ka e.v.\u00a0k\u00f6z\u00f6tt.<\/p>\n<!-- \/wp:paragraph -->\n\n<!-- wp:paragraph -->\n<p><strong>FELHASZN\u00c1L\u00d3I ADATOK<\/strong><br>Amibe beletartoznak a weboldal haszn\u00e1lata sor\u00e1n keletkez\u0151 adatok, amik lehet\u0151v\u00e9 teszik az oldal technikai m\u0171k\u00f6d\u00e9s\u00e9t, hogy az oldal biztons\u00e1g\u00e1t meg\u0151rizz\u00fck, hogy ment\u00e9seket t\u00e1roljunk a felhaszn\u00e1l\u00f3k tev\u00e9kenys\u00e9g\u00e9r\u0151l, \u00e9s hogy mindig a lehet\u0151 legrelev\u00e1nsabb tartalomhoz f\u00e9rj hozz\u00e1.<\/p>\n<!-- \/wp:paragraph -->\n\n<!-- wp:paragraph -->\n<p>Az adatok feldolgoz\u00e1s\u00e1nak jogalapja a felhaszn\u00e1l\u00f3 egy\u00e9rtelm\u0171 \u00e9rdekl\u0151d\u00e9se a tev\u00e9kenys\u00e9g\u00fcnk fel\u00e9, aminek a biztos\u00edt\u00e1s\u00e1hoz \u00e9s az oldal technikai m\u0171k\u00f6d\u00e9s\u00e9hez ezeknek a t\u00e1rol\u00e1sa sz\u00fcks\u00e9ges.<\/p>\n<!-- \/wp:paragraph -->\n\n<!-- wp:paragraph -->\n<p><strong>TECHNIKAI ADATOK<\/strong><br>Amibe beletartoznak az oldal haszn\u00e1lata sor\u00e1n keletkezett adatok, mint az IP c\u00edm, a bejelentkez\u00e9si inf\u00f3k, b\u00f6ng\u00e9sz\u0151adatok, az egyes oldalak l\u00e1togat\u00e1si ideje, oldalmegtekint\u00e9sek \u00e9s navig\u00e1ci\u00f3s utak, az oldalak l\u00e1togat\u00e1s\u00e1nak sz\u00e1ma \u00e9s id\u0151pontja, id\u0151z\u00f3n\u00e1k, \u00e9s a k\u00e9sz\u00fcl\u00e9k adatai, amivel megtekinted az oldalt.<\/p>\n<!-- \/wp:paragraph -->\n\n<!-- wp:paragraph -->\n<p>Az adatok forr\u00e1sa az analitikai szoftver\u00fcnk.<\/p>\n<!-- \/wp:paragraph -->\n\n<!-- wp:paragraph -->\n<p>Ezeket az adatokat az\u00e9rt dolgozzuk fel, hogy kielemezz\u00fck a felhaszn\u00e1l\u00f3k szok\u00e1sait az oldalon, meg\u0151rizz\u00fck az oldalunk biztons\u00e1gos m\u0171k\u00f6d\u00e9s\u00e9t, \u00e9s meg\u00e9rts\u00fck az egyes marketingd\u00f6nt\u00e9seink hasznoss\u00e1g\u00e1t.<\/p>\n<!-- \/wp:paragraph -->\n\n<!-- wp:paragraph -->\n<p>Az adatok feldolgoz\u00e1s\u00e1nak jogalapja a felhaszn\u00e1l\u00f3 egy\u00e9rtelm\u0171 \u00e9rdekl\u0151d\u00e9se a tev\u00e9kenys\u00e9g\u00fcnk fel\u00e9, ami lehet\u0151v\u00e9 teszi a sz\u00e1munkra, hogy a biztons\u00e1gi elv\u00e1r\u00e1soknak megfelel\u0151en feldolgozzuk ezeket az adatokat, \u00e9s az \u00fczlet n\u00f6vel\u00e9s\u00e9re felhaszn\u00e1ljuk a hat\u00e1sosabb m\u0171k\u00f6d\u00e9s \u00e9rdek\u00e9ben.<\/p>\n<!-- \/wp:paragraph -->\n\n<!-- wp:paragraph -->\n<p><strong>MARKETING ADATOK<\/strong><br>Amibe beletartoznak a l\u00e1togat\u00f3 preferenci\u00e1i, hogy milyen marketingtartalmat fogad t\u0151l\u00fcnk sz\u00edvesen. Ezeket az adatokat az\u00e9rt dolgozzuk fel, hogy lehet\u0151v\u00e9 tegy\u00fck nyerem\u00e9nyj\u00e1t\u00e9kokon val\u00f3 r\u00e9szv\u00e9telt, \u00e9s azokhoz a term\u00e9keinkhez\/szolg\u00e1ltat\u00e1sainkhoz kapcsol\u00f3d\u00f3 rekl\u00e1mot k\u00fcldj\u00fcnk, ami fel\u00e9 a felhaszn\u00e1l\u00f3 \u00e9rdekl\u0151d\u00e9st fejezett ki.<\/p>\n<!-- \/wp:paragraph -->\n\n<!-- wp:paragraph -->\n<p>Az adatok feldolgoz\u00e1s\u00e1nak jogalapja a felhaszn\u00e1l\u00f3 egy\u00e9rtelm\u0171 \u00e9rdekl\u0151d\u00e9se a tev\u00e9kenys\u00e9g\u00fcnk fel\u00e9, ami lehet\u0151v\u00e9 teszi a sz\u00e1munkra, hogy a biztons\u00e1gi elv\u00e1r\u00e1soknak megfelel\u0151en feldolgozzuk ezeket az adatokat, \u00e9s az \u00fczlet n\u00f6vel\u00e9s\u00e9re felhaszn\u00e1ljuk a hat\u00e1sosabb m\u0171k\u00f6d\u00e9s \u00e9rdek\u00e9ben.<\/p>\n<!-- \/wp:paragraph -->\n\n<!-- wp:paragraph -->\n<p>A gy\u0171jt\u00f6tt adatokat id\u0151nk\u00e9nt felhaszn\u00e1lhatjuk olyan c\u00e9lokra, mint c\u00e9lzott, relev\u00e1ns hirdet\u00e9sek biztos\u00edt\u00e1sa a Facebook\u2122 platformon, illetve k\u00fcl\u00f6nb\u00f6z\u0151 dinamikus hirdet\u00e9si fel\u00fcleteken, \u00e9s m\u00e9rj\u00fck a hirdet\u00e9sek hat\u00e1sos m\u0171k\u00f6d\u00e9s\u00e9t.<\/p>\n<!-- \/wp:paragraph -->\n\n<!-- wp:paragraph -->\n<p>Az adatok feldolgoz\u00e1s\u00e1nak jogalapja a felhaszn\u00e1l\u00f3 egy\u00e9rtelm\u0171 \u00e9rdekl\u0151d\u00e9se a tev\u00e9kenys\u00e9g\u00fcnk fel\u00e9, ami lehet\u0151v\u00e9 teszi a sz\u00e1munkra, hogy a biztons\u00e1gi elv\u00e1r\u00e1soknak megfelel\u0151en feldolgozzuk ezeket az adatokat, \u00e9s az \u00fczlet n\u00f6vel\u00e9s\u00e9re felhaszn\u00e1ljuk a hat\u00e1sosabb m\u0171k\u00f6d\u00e9s \u00e9rdek\u00e9ben.<\/p>\n<!-- \/wp:paragraph -->\n\n<!-- wp:paragraph -->\n<p>A tev\u00e9kenys\u00e9g\u00fcnk sor\u00e1n nem gy\u0171jt\u00fcnk olyan \u00e9rz\u00e9keny adatokat, mint etnicit\u00e1s, vall\u00e1si szeml\u00e9let, szexu\u00e1lis \u00e9let \u00e9s orient\u00e1ci\u00f3, politikai v\u00e9lem\u00e9nyek \u00e9s szakszervezeti tags\u00e1g, vagy eg\u00e9szs\u00e9g\u00fcgyi h\u00e1tt\u00e9r, \u00e9s genetikai vagy biometrikai inform\u00e1ci\u00f3k.<\/p>\n<!-- \/wp:paragraph -->\n\n<!-- wp:heading {\"level\":1} -->\n<h1 class=\"wp-block-heading\">3, HOGYAN GY\u0170JT\u00dcNK ADATOKAT?<\/h1>\n<!-- \/wp:heading -->\n\n<!-- wp:paragraph -->\n<p>Szem\u00e9lyes adatokat gy\u0171jthet\u00fcnk olyan m\u00f3don, hogy a felhaszn\u00e1l\u00f3 direkten biztos\u00edtja a sz\u00e1munkra (p\u00e9ld\u00e1ul egy rendel\u00e9s felad\u00e1s\u00e1val, vagy egy \u00fczenet k\u00fcld\u00e9s\u00e9vel).<\/p>\n<!-- \/wp:paragraph -->\n\n<!-- wp:paragraph -->\n<p>Tov\u00e1bb\u00e1 bizonyos adatokat automatikusan ker\u00fclnek gy\u0171jt\u00e9sre az oldal haszn\u00e1lata sor\u00e1n, p\u00e9ld\u00e1ul \u00fa.n. \u201ccookie\u201d-kkal \u00e9s hasonl\u00f3 technol\u00f3gi\u00e1kkal. Ezek csak a felhaszn\u00e1l\u00f3 hozz\u00e1j\u00e1rul\u00e1s\u00e1nak megad\u00e1sa ut\u00e1n l\u00e9pnek m\u0171k\u00f6d\u00e9sbe.<\/p>\n<!-- \/wp:paragraph -->\n\n<!-- wp:paragraph -->\n<p>B\u0151vebb inform\u00e1ci\u00f3\u00e9rt k\u00e9rj\u00fck n\u00e9zze meg a Cookie Nyilatkozatunkat.<\/p>\n<!-- \/wp:paragraph -->\n\n<!-- wp:paragraph -->\n<p>Bizonyos adatokat k\u00fcls\u0151 partnerekt\u0151l fogadunk, mint p\u00e9ld\u00e1ul analitikai szolg\u00e1ltat\u00f3kt\u00f3l, mint a Google (EU-n k\u00edv\u00fcli partner), hirdet\u00e9si h\u00e1l\u00f3zatokt\u00f3l, mint a Facebook\u2122 (EU-n k\u00edv\u00fcli partner), illetve fizet\u00e9si lehet\u0151s\u00e9get biztos\u00edt\u00f3 partnerek, mint a PayPal (EU-n k\u00edv\u00fcli partner) \u00e9s a Barion.<\/p>\n<!-- \/wp:paragraph -->\n\n<!-- wp:heading {\"level\":1} -->\n<h1 class=\"wp-block-heading\">4, AZ ADATV\u00c9DELEMMEL KAPCSOLATOS GYAKORLATI L\u00c9P\u00c9SINK<\/h1>\n<!-- \/wp:heading -->\n\n<!-- wp:paragraph -->\n<p>A&nbsp;<strong>v\u00e1llalkoz\u00e1s<\/strong>&nbsp;sz\u00e1m\u00e1ra rendk\u00edv\u00fcl fontos a felhaszn\u00e1l\u00f3k adatainak v\u00e9delme, \u00e9s a hat\u00e1lyos szab\u00e1lyoz\u00e1snak val\u00f3 megfelel\u00e9s. Ez\u00e9rt az&nbsp;oldalon v\u00e9gzett adatv\u00e9delmi hat\u00e1svizsg\u00e1lat ut\u00e1n list\u00e1t k\u00e9sz\u00edtett\u00fcnk a gy\u0171jt\u00f6tt adatokr\u00f3l, azoknak a sz\u00fcks\u00e9gess\u00e9g\u00e9r\u0151l \u00e9s jogalapj\u00e1r\u00f3l, \u00e9s t\u00f6rv\u00e9nyi megfelel\u0151s\u00e9g\u00e9r\u0151l.<\/p>\n<!-- \/wp:paragraph -->\n\n<!-- wp:list -->\n<ul><!-- wp:list-item -->\n<li>Az \u0171rlapokon megadott \u00e9s oldalon keletkez\u0151 adatok v\u00e9delme \u00e9rdek\u00e9ben SSL min\u0151s\u00edt\u00e9st alkalmazunk a teljes weboldalon (Let\u2019s Encrypt Authority X3 certifik\u00e1ci\u00f3).<\/li>\n<!-- \/wp:list-item -->\n\n<!-- wp:list-item -->\n<li>Az oldal t\u00e1mad\u00e1s elleni v\u00e9delme \u00e9rdek\u00e9ben pr\u00e9mium biztons\u00e1gi szoftvert (iThemes Security Pro) alkalmazunk, hogy \u00fa.n. \u201ebrute force\u201d \u00e9s v\u00edrusos t\u00e1mad\u00e1sok ellen v\u00e9dj\u00fck a t\u00e1rolt adatokat.<\/li>\n<!-- \/wp:list-item -->\n\n<!-- wp:list-item -->\n<li>Az oldal adatb\u00e1zisaiban a v\u00e1s\u00e1rl\u00e1si \u00e9s felhaszn\u00e1l\u00f3i adatok titkos\u00edtott form\u00e1ban (pszeudonimiz\u00e1lt m\u00f3don) vannak t\u00e1rolva, \u00edgy nem olvashat\u00f3ak k\u00fcls\u0151 f\u00e9l sz\u00e1m\u00e1ra.<\/li>\n<!-- \/wp:list-item -->\n\n<!-- wp:list-item -->\n<li>Jelen adatv\u00e9delmi nyilatkozatban \u0171rlapokon kereszt\u00fcl biztos\u00edtjuk a felhaszn\u00e1l\u00f3k sz\u00e1m\u00e1ra a szem\u00e9lyes adataik kezel\u00e9s\u00e9r\u0151l inform\u00e1ci\u00f3 ig\u00e9nyl\u00e9s\u00e9t, a szem\u00e9lyes adataik m\u00f3dos\u00edt\u00e1s\u00e1t vagy t\u00f6rl\u00e9s\u00e9t.<\/li>\n<!-- \/wp:list-item --><\/ul>\n<!-- \/wp:list -->\n\n<!-- wp:paragraph -->\n<p>Id\u0151nk\u00e9nt az \u00fczleti tev\u00e9kenys\u00e9g\u00fcnk \u00e9rdek\u00e9ben sz\u00fcks\u00e9gszer\u0171 szolg\u00e1ltat\u00f3 partnereink sz\u00e1m\u00e1ra adatokat biztos\u00edtani (p\u00e9ld\u00e1ul t\u00e1rhelyszolg\u00e1ltat\u00f3, fut\u00e1rc\u00e9g, h\u00edrlev\u00e9lk\u00fcld\u0151 szoftver).&nbsp;<\/p>\n<!-- \/wp:paragraph -->\n\n<!-- wp:paragraph -->\n<p>Ilyen esetben mindig \u00fagy v\u00e1lasztunk, hogy a GDPR rendelet elv\u00e1r\u00e1sainak megfeleljenek, \u00e9s USA b\u00e1zis\u00fa partner eset\u00e9ben az EU-US Privacy Shield adatv\u00e9delmi kezdem\u00e9nyez\u00e9sben r\u00e9szt vegyenek, valamint adatkezel\u00e9si szerz\u0151d\u00e9st iratunk vel\u00fck al\u00e1, biztos\u00edtva az adatok felel\u0151s kezel\u00e9s\u00e9t.<\/p>\n<!-- \/wp:paragraph -->\n\n<!-- wp:heading {\"level\":1} -->\n<h1 class=\"wp-block-heading\">5, MARKETING KOMMUNIK\u00c1CI\u00d3<\/h1>\n<!-- \/wp:heading -->\n\n<!-- wp:paragraph -->\n<p>A v\u00e1llalkoz\u00e1s tev\u00e9kenys\u00e9ge sor\u00e1n n\u00e9lk\u00fcl\u00f6zhetetlen fontoss\u00e1g\u00fa marketingkommunik\u00e1ci\u00f3 folytat\u00e1sa. Az ezzel kapcsolatos adatkezel\u00e9s jogalapja az \u00e9rdekl\u0151d\u00e9s mutat\u00e1sa a szolg\u00e1ltat\u00e1saink fel\u00e9, vagy a felhaszn\u00e1l\u00f3k kifejezett hozz\u00e1j\u00e1rul\u00e1sa.<\/p>\n<!-- \/wp:paragraph -->\n\n<!-- wp:paragraph -->\n<p>Az Eur\u00f3pai Uni\u00f3 Privacy and Electronic Communications Regulations (PECR) szab\u00e1lyoz\u00e1sa alapj\u00e1n marketingc\u00e9l\u00fa \u00fczeneteket k\u00fcld\u00fcnk a felhaszn\u00e1l\u00f3inknak, ha v\u00e1s\u00e1roltak t\u0151l\u00fcnk, vagy kifejezetten hozz\u00e1j\u00e1rultak marketing\u00fczenetek fogad\u00e1s\u00e1hoz.<\/p>\n<!-- \/wp:paragraph -->\n\n<!-- wp:paragraph -->\n<p>A hozz\u00e1j\u00e1rul\u00e1s felf\u00fcggeszt\u00e9s\u00e9t, \u00e9s az \u00fczenetekr\u0151l val\u00f3 leiratkoz\u00e1st minden esetben j\u00f3l l\u00e1that\u00f3 m\u00f3don lehet\u0151v\u00e9 tessz\u00fck. Minden egyes e-mail alj\u00e1n megtal\u00e1lhat\u00f3 a leiratkoz\u00e1shoz sz\u00fcks\u00e9ges link, vagy az adatb\u00e1zisb\u00f3l val\u00f3 elt\u00e1vol\u00edt\u00e1s k\u00e9rhet\u0151 az kontakt@reka-kristof.com<strong>\u00a0<\/strong>e-mail c\u00edmen.<\/p>\n<!-- \/wp:paragraph -->\n\n<!-- wp:paragraph -->\n<p>A marketing kommunik\u00e1ci\u00f3r\u00f3l val\u00f3 leiratkoz\u00e1s eset\u00e9n is k\u00fcldhet\u00fcnk \u00fczeneteket, de csak a rendel\u00e9sek teljes\u00edt\u00e9s\u00e9re vonatkoz\u00f3an.<\/p>\n<!-- \/wp:paragraph -->\n\n<!-- wp:heading {\"level\":1} -->\n<h1 class=\"wp-block-heading\">6, MEGJEGYZ\u00c9S A SZEM\u00c9LYES ADATOKRA VONATKOZ\u00d3AN<\/h1>\n<!-- \/wp:heading -->\n\n<!-- wp:paragraph -->\n<p>Id\u0151nk\u00e9nt sz\u00fcks\u00e9gszer\u0171 bizonyos szem\u00e9lyes adatokat megosztani bizonyos partnereinkkel a norm\u00e1l \u00fczletmenet fenntart\u00e1sa \u00e9rdek\u00e9ben:<\/p>\n<!-- \/wp:paragraph -->\n\n<!-- wp:paragraph -->\n<p>-IT szolg\u00e1ltat\u00f3k, \u00e9s a sz\u00e1m\u00edt\u00e1stechnikai rendszereken hibaelh\u00e1r\u00edt\u00e1st \u00e9s karbantart\u00e1st v\u00e9gz\u0151 szolg\u00e1ltat\u00f3k<\/p>\n<!-- \/wp:paragraph -->\n\n<!-- wp:paragraph -->\n<p>-Szak\u00e9rt\u0151i partnerek, mint \u00fcgyv\u00e9dek, k\u00f6nyvel\u0151k, bank\u00e1rok, biztos\u00edt\u00f3k<\/p>\n<!-- \/wp:paragraph -->\n\n<!-- wp:paragraph -->\n<p>-Korm\u00e1nyzati szervek, amik a tev\u00e9kenys\u00e9g\u00fcnkr\u0151l k\u00e9rnek besz\u00e1mol\u00e1st<\/p>\n<!-- \/wp:paragraph -->\n\n<!-- wp:paragraph -->\n<p>-Fizet\u00e9si szolg\u00e1ltat\u00f3k, akik biztons\u00e1gosan kezelik a bankk\u00e1rtyaadatokat<\/p>\n<!-- \/wp:paragraph -->\n\n<!-- wp:paragraph -->\n<p>-Fut\u00e1rszolg\u00e1latok, akik teljes\u00edtik a bej\u00f6v\u0151 rendel\u00e9seket a megadott sz\u00e1ll\u00edt\u00e1si c\u00edmre<\/p>\n<!-- \/wp:paragraph -->\n\n<!-- wp:paragraph -->\n<p><strong>Nemzetk\u00f6zi adattranszferek<\/strong><\/p>\n<!-- \/wp:paragraph -->\n\n<!-- wp:paragraph -->\n<p>A felhaszn\u00e1l\u00f3k adatait id\u0151nk\u00e9nt az \u00fczletmenet fenntart\u00e1sa \u00e9rdek\u00e9ben sz\u00fcks\u00e9gszer\u0171 megosztanunk az Eur\u00f3pai Gazdas\u00e1gi T\u00e9rs\u00e9gen (EGT) k\u00edv\u00fcl szolg\u00e1ltat\u00f3 partnerekkel.<\/p>\n<!-- \/wp:paragraph -->\n\n<!-- wp:paragraph -->\n<p>Az EGT-n k\u00edv\u00fcli orsz\u00e1gok sok esetben nem biztos\u00edtanak azonos szint\u0171 v\u00e9delmet az adatoknak, ez\u00e9rt az eur\u00f3pai t\u00f6rv\u00e9nyek tiltj\u00e1k az adatok kivitel\u00e9t, a megfelel\u0151 felt\u00e9telek teljes\u00fcl\u00e9s\u00e9nek hi\u00e1ny\u00e1ban.<\/p>\n<!-- \/wp:paragraph -->\n\n<!-- wp:paragraph -->\n<p>B\u00e1rmikor, amikor a szem\u00e9lyes adatok az EGT-n k\u00edv\u00fclre ker\u00fclnek megtessz\u00fck a 4. pontban t\u00e1rgyalt l\u00e9p\u00e9seken fel\u00fcl az al\u00e1bbiakat az adatok biztons\u00e1gos kezel\u00e9s\u00e9nek \u00e9rdek\u00e9ben:<\/p>\n<!-- \/wp:paragraph -->\n\n<!-- wp:paragraph -->\n<p>-Csak olyan orsz\u00e1gokba tov\u00e1bb\u00edtjuk az adatokat, amiket az Eur\u00f3pai Bizotts\u00e1g adatbiztons\u00e1g szempontj\u00e1b\u00f3l megfelel\u0151nek tart.<\/p>\n<!-- \/wp:paragraph -->\n\n<!-- wp:paragraph -->\n<p>-Csak olyan USA b\u00e1zis\u00fa szolg\u00e1ltat\u00e1sokat haszn\u00e1lunk, amik r\u00e9sze az EU-US Privacy Shield elnevez\u00e9s\u0171 adatbiztons\u00e1gi kezdem\u00e9nyez\u00e9snek.<\/p>\n<!-- \/wp:paragraph -->\n\n<!-- wp:paragraph -->\n<p>Ha a fentiek nem teljes\u00fclnek, a kifejezett hozz\u00e1j\u00e1rul\u00e1s\u00e1t k\u00e9rj\u00fck a felhaszn\u00e1l\u00f3knak az adattranszfer megt\u00e9tel\u00e9re. A hozz\u00e1j\u00e1rul\u00e1s b\u00e1rmikor visszavonhat\u00f3.<\/p>\n<!-- \/wp:paragraph -->\n\n<!-- wp:paragraph -->\n<p><strong>K\u00fcls\u0151 oldalakra vezet\u0151 linkek<\/strong><\/p>\n<!-- \/wp:paragraph -->\n\n<!-- wp:paragraph -->\n<p>Ez az oldal id\u0151nk\u00e9nt tartalmaz k\u00fcls\u0151 oldalakra vezet\u0151 linkeket, vagy az oldalba be\u00e1gyazva tal\u00e1lhat\u00f3ak k\u00f3dr\u00e9szletek, amik k\u00fcls\u0151 szolg\u00e1ltat\u00e1sok m\u0171k\u00f6d\u00e9s\u00e9t biztos\u00edtj\u00e1k.<\/p>\n<!-- \/wp:paragraph -->\n\n<!-- wp:paragraph -->\n<p>Ezeknek a linkeknek a kattint\u00e1sa, vagy a be\u00e1gyazott megold\u00e1sok haszn\u00e1lata lehet\u0151v\u00e9 teheti k\u00fcls\u0151 partnereknek, hogy adatokat gy\u0171jtsenek a felhaszn\u00e1l\u00f3kr\u00f3l.<\/p>\n<!-- \/wp:paragraph -->\n\n<!-- wp:paragraph -->\n<p>B\u00e1r mindent megtesz\u00fcnk a partnerek megfelel\u0151 \u00e1tvizsg\u00e1l\u00e1sa \u00e9rdek\u00e9ben, de nincs ir\u00e1ny\u00edt\u00e1sunk az \u0151 adatv\u00e9delmi elveik felett, \u00e9s nem vagyunk felel\u0151sek az \u0151 adatkezel\u00e9si elveik\u00e9rt.<\/p>\n<!-- \/wp:paragraph -->\n\n<!-- wp:heading {\"level\":1} -->\n<h1 class=\"wp-block-heading\">7, ADATKEZEL\u00c9S ID\u0150TARTAMA<\/h1>\n<!-- \/wp:heading -->\n\n<!-- wp:paragraph -->\n<p>A felhaszn\u00e1l\u00f3k adatait mindig csak addig t\u00e1roljuk, am\u00edg jogi\/k\u00f6nyvel\u00e9si\/adatszolg\u00e1ltat\u00e1si k\u00f6telezetts\u00e9geink azt k\u00f6telez\u0151v\u00e9 teszik, illetve a szolg\u00e1ltat\u00e1s m\u0171k\u00f6dtet\u00e9s\u00e9hez sz\u00fcks\u00e9ges.<\/p>\n<!-- \/wp:paragraph -->\n\n<!-- wp:paragraph -->\n<p>Amikor a t\u00e1rol\u00e1s id\u0151tartam\u00e1r\u00f3l d\u00f6nt\u00fcnk, figyelembe vessz\u00fck az adatok mennyis\u00e9g\u00e9t, jelleg\u00e9t \u00e9s \u00e9rz\u00e9kenys\u00e9g\u00e9t, \u00e9s a kisziv\u00e1rg\u00e1s\u00e1nak potenci\u00e1lis hat\u00e1s\u00e1t adatv\u00e9delmi incidens eset\u00e9n.<\/p>\n<!-- \/wp:paragraph -->\n\n<!-- wp:paragraph -->\n<p>Ad\u00f3z\u00e1si okokb\u00f3l sz\u00fcks\u00e9ges meg\u0151rizn\u00fcnk a v\u00e1s\u00e1rl\u00f3k sz\u00e1ml\u00e1z\u00e1si \u00e9s v\u00e1s\u00e1rl\u00e1si adatait legal\u00e1bb 8 \u00e9vig, hogy jogi k\u00f6telezetts\u00e9geinkenk eleget tegy\u00fcnk.<\/p>\n<!-- \/wp:paragraph -->\n\n<!-- wp:paragraph -->\n<p>Bizonyos k\u00f6r\u00fclm\u00e9nyek k\u00f6z\u00f6tt anonimiz\u00e1lt form\u00e1ban felhaszn\u00e1lhatjuk az adatokat statisztikai c\u00e9lokra, ami esetben t\u00e1j\u00e9koztat\u00e1s n\u00e9lk\u00fcl t\u00e1roljuk korl\u00e1tlan ideig az adatokat.<\/p>\n<!-- \/wp:paragraph -->\n\n<!-- wp:heading {\"level\":1} -->\n<h1 class=\"wp-block-heading\">8, A L\u00c1TOGAT\u00d3 JOGAI<\/h1>\n<!-- \/wp:heading -->\n\n<!-- wp:paragraph -->\n<p>Az Eur\u00f3pai Uni\u00f3 \u00e1llampolg\u00e1rak\u00e9nt a General Data Protection Regulation (GDPR) elnevez\u00e9s\u0171 t\u00f6rv\u00e9ny a k\u00f6vetkez\u0151 jogokat biztos\u00edtja az oldal felhaszn\u00e1l\u00f3inak:<\/p>\n<!-- \/wp:paragraph -->\n\n<!-- wp:paragraph -->\n<p>a, Hozz\u00e1f\u00e9r\u00e9s a szem\u00e9lyes adatokhoz<\/p>\n<!-- \/wp:paragraph -->\n\n<!-- wp:paragraph -->\n<p>Az oldal felhaszn\u00e1l\u00f3inak jog\u00e1ban \u00e1ll k\u00e9rnie egy m\u00e1solatot Krist\u00f3f R\u00e9ka e.v.\u00a0\u00e1ltal t\u00e1rolt szem\u00e9lyes adatokr\u00f3l. A k\u00e9r\u00e9s \u00e1ltal\u00e1nos esetben ingyenesen teljes\u00edt\u00e9sre ker\u00fcl, a k\u00e9rv\u00e9nyez\u00e9s ut\u00e1n 14 napon bel\u00fcl.<\/p>\n<!-- \/wp:paragraph -->\n\n<!-- wp:paragraph -->\n<p>Ism\u00e9telt, vissza\u00e9l\u00e9sszer\u0171, indok n\u00e9lk\u00fcli adatk\u00e9rv\u00e9nyez\u00e9s eset\u00e9n a\u00a0<strong>Krist\u00f3f R\u00e9ka<\/strong>\u00a0egy m\u00e9rs\u00e9kelt \u00f6sszeget sz\u00e1m\u00edthat fel az adatok biztos\u00edt\u00e1s\u00e1ra, \u00e9s tov\u00e1bbi id\u0151re lehet sz\u00fcks\u00e9g az adatok biztos\u00edt\u00e1s\u00e1hoz.<\/p>\n<!-- \/wp:paragraph -->\n\n<!-- wp:paragraph -->\n<p>Tov\u00e1bb\u00e1 a v\u00e1llalkoz\u00e1s&nbsp;k\u00e9ri a szem\u00e9lyazonoss\u00e1g bizony\u00edt\u00e1s\u00e1t az adatok kiad\u00e1sa el\u0151tt, megel\u0151zend\u0151 a vissza\u00e9l\u00e9sszer\u0171 haszn\u00e1latot. A szem\u00e9lyes adatok kik\u00e9r\u00e9s\u00e9hez k\u00e9rj\u00fck haszn\u00e1lja az al\u00e1bbi kapcsolatfelv\u00e9teli \u0171rlapot:<\/p>\n<!-- \/wp:paragraph -->\n\n<!-- wp:paragraph -->\n<p>Adatig\u00e9nyl\u00e9s \/ Adatt\u00f6rl\u00e9s \/Adatkorl\u00e1toz\u00e1s<\/p>\n<!-- \/wp:paragraph -->\n\n<!-- wp:paragraph -->\n<p><strong>KONTAKTFEL\u00dcLET BEILLESZT\u00c9SE<\/strong><\/p>\n<!-- \/wp:paragraph -->\n\n<!-- wp:paragraph -->\n<p>b, Szem\u00e9lyes adatok m\u00f3dos\u00edt\u00e1sa<\/p>\n<!-- \/wp:paragraph -->\n\n<!-- wp:paragraph -->\n<p>Amennyiben a szem\u00e9lyes adatok m\u00f3dosultak, vagy t\u00e9vesen lettek megadva, a felhaszn\u00e1l\u00f3knak joga van az adatok m\u00f3dos\u00edt\u00e1s\u00e1t k\u00e9rni. A szem\u00e9lyes adatok m\u00f3dos\u00edt\u00e1s\u00e1hoz k\u00e9rj\u00fck keressen fel minket az az kontakt@reka-kristof.com\u00a0e-mail c\u00edmen.<\/p>\n<!-- \/wp:paragraph -->\n\n<!-- wp:paragraph -->\n<p>c, Szem\u00e9lyes adatok t\u00f6rl\u00e9s\u00e9nek k\u00e9r\u00e9se<\/p>\n<!-- \/wp:paragraph -->\n\n<!-- wp:paragraph -->\n<p>A felhaszn\u00e1l\u00f3knak joga van az \u00f6sszes szem\u00e9lyes adatuk t\u00f6rl\u00e9s\u00e9t k\u00e9rni. A k\u00e9r\u00e9st ingyenesen teljes\u00edtj\u00fck a k\u00e9r\u00e9st k\u00f6vet\u0151 14 napon bel\u00fcl. A szem\u00e9lyes adatok t\u00f6rl\u00e9se ut\u00e1n a felhaszn\u00e1l\u00f3i fi\u00f3k nem lesz el\u00e9rhet\u0151, \u00edgy az esetleg megv\u00e1s\u00e1rolt anyagok is el\u00e9rhetetlenn\u00e9 v\u00e1lnak, mivel a felhaszn\u00e1l\u00f3i fi\u00f3khoz kapcsol\u00f3d\u00f3 szem\u00e9lyes adatok elengedhetetlen\u00fcl sz\u00fcks\u00e9gesek a szolg\u00e1ltat\u00e1s el\u00e9r\u00e9s\u00e9hez.<\/p>\n<!-- \/wp:paragraph -->\n\n<!-- wp:paragraph -->\n<p>A&nbsp;<strong>v\u00e1llalkoz\u00e1s<\/strong>&nbsp;k\u00e9ri a szem\u00e9lyazonoss\u00e1g bizony\u00edt\u00e1s\u00e1t a szem\u00e9lyes adatok t\u00f6rl\u00e9se el\u0151tt, megel\u0151zend\u0151 a vissza\u00e9l\u00e9sszer\u0171 haszn\u00e1latot. A szem\u00e9lyes adatok t\u00f6rl\u00e9s\u00e9hez k\u00e9rj\u00fck haszn\u00e1lja a fenti kapcsolatfelv\u00e9teli \u0171rlapot.<\/p>\n<!-- \/wp:paragraph -->\n\n<!-- wp:paragraph -->\n<p>d, A szem\u00e9lyes adatok feldolgoz\u00e1s\u00e1nak korl\u00e1toz\u00e1s\u00e1nak k\u00e9r\u00e9se<\/p>\n<!-- \/wp:paragraph -->\n\n<!-- wp:paragraph -->\n<p>A felhaszn\u00e1l\u00f3knak joga van k\u00e9r\u00e9sben korl\u00e1tozni az adataik rendelkez\u00e9s\u00e9re bocs\u00e1t\u00e1s\u00e1t harmadik felek (szolg\u00e1ltat\u00f3 partnerek) sz\u00e1m\u00e1ra. A k\u00e9r\u00e9s beny\u00fajt\u00e1sa sor\u00e1n megnevezhet\u0151ek a korl\u00e1tozni k\u00edv\u00e1nt szolg\u00e1ltat\u00f3 partnerek is.<\/p>\n<!-- \/wp:paragraph -->\n\n<!-- wp:paragraph -->\n<p>Fontos megjegyezni, hogy bizonyos szolg\u00e1ltat\u00f3kkal val\u00f3 egy\u00fcttm\u0171k\u00f6d\u00e9s n\u00e9lk\u00fcl\u00f6zhetetlen az oldal m\u0171k\u00f6d\u00e9s\u00e9hez (pl: Barion, mint fizet\u00e9si szolg\u00e1ltat\u00f3), \u00edgy az \u0151 korl\u00e1toz\u00e1suk eset\u00e9n az oldal szolg\u00e1ltat\u00e1sai el\u00e9rhetetlenn\u00e9 v\u00e1lnak a felhaszn\u00e1l\u00f3 sz\u00e1m\u00e1ra.<\/p>\n<!-- \/wp:paragraph -->\n\n<!-- wp:paragraph -->\n<p>A&nbsp;<strong>v\u00e1llalkoz\u00e1s<\/strong>&nbsp;k\u00e9ri a szem\u00e9lyazonoss\u00e1g bizony\u00edt\u00e1s\u00e1t a szem\u00e9lyes adatok \u00e1tad\u00e1s\u00e1nak korl\u00e1toz\u00e1sa el\u0151tt, megel\u0151zend\u0151 a vissza\u00e9l\u00e9sszer\u0171 haszn\u00e1latot. A szem\u00e9lyes adatok \u00e1tad\u00e1s\u00e1nak korl\u00e1toz\u00e1s\u00e1hoz k\u00e9rj\u00fck haszn\u00e1lja a fenti kapcsolatfelv\u00e9teli \u0171rlapot:<\/p>\n<!-- \/wp:paragraph -->\n\n<!-- wp:paragraph -->\n<p>Magyarorsz\u00e1gon az adatv\u00e9delemmel foglalkoz\u00f3 hivatalos szerv a Nemzeti Adatv\u00e9delmi \u00e9s Inform\u00e1ci\u00f3szabads\u00e1g Hat\u00f3s\u00e1g (NAIH). A felhaszn\u00e1l\u00f3k az adatv\u00e9delemmel kapcsolatos jogaikr\u00f3l a NAIH honlapj\u00e1n t\u00e1j\u00e9koz\u00f3dhatnak b\u0151vebben.<\/p>\n<!-- \/wp:paragraph -->\n\n<!-- wp:paragraph -->\n<p>Nemzeti Adatv\u00e9delmi \u00e9s Inform\u00e1ci\u00f3szabads\u00e1g Hat\u00f3s\u00e1g,<br>1125 Budapest, Szil\u00e1gyi Erzs\u00e9bet fasor 22\/C., Levelez\u00e9si c\u00edm: 1530 Budapest, Pf.: 5.,<br>Telefon: 06.1.391.1400,<br>Fax: 06.1.391.1410,<br>E-mail: ugyfelszolgalat@naih.hu<br>Honlap: http:\/\/www.naih.hu<\/p>\n<!-- \/wp:paragraph -->\n\n<!-- wp:heading {\"level\":1} -->\n<h1 class=\"wp-block-heading\">9, ANONIMIZ\u00c1LT ADATOK \u00c9S \u201cCOOKIE-K\u201d<\/h1>\n<!-- \/wp:heading -->\n\n<!-- wp:paragraph -->\n<p>A\u00a0<strong>https:\/\/reka-kristof.com<\/strong>\u00a0oldalon, e-mail \u00fczenetekben \u00e9s hirdet\u00e9sekben haszn\u00e1l \u00fa.n. \u201ccookie\u201d-kat \u00e9s hasonl\u00f3 technol\u00f3gi\u00e1kat, mint k\u00f6vet\u0151k\u00f3dok, re-marketing c\u00edmk\u00e9k, pixelek, amik a felhaszn\u00e1l\u00f3 hozz\u00e1j\u00e1rul\u00e1sa ut\u00e1n l\u00e9pnek m\u0171k\u00f6d\u00e9sbe.<\/p>\n<!-- \/wp:paragraph -->\n\n<!-- wp:paragraph -->\n<p>Ezek a technol\u00f3gi\u00e1k seg\u00edtenek nek\u00fcnk jobban meg\u00e9rteni a felhaszn\u00e1l\u00f3k viselked\u00e9s\u00e9t \u00e9s \u00e9rdekl\u0151d\u00e9s\u00e9t, \u00edgy seg\u00edtve a magasabb sz\u00ednvonal\u00fa \u00e9s hat\u00e9konyabb m\u0171k\u00f6d\u00e9s\u00fcnket.<\/p>\n<!-- \/wp:paragraph -->\n\n<!-- wp:paragraph -->\n<p>A c\u00e9lunk az, hogy a\u00a0<strong><a href=\"https:\/\/reka-kristof.com\"><strong>https:\/\/reka-kristof.com<\/strong><\/a> oldal<\/strong>\u00a0haszn\u00e1lata min\u00e9l felhaszn\u00e1l\u00f3bar\u00e1tabb \u00e9s szem\u00e9lyesebb legyen. Amennyiben a felhaszn\u00e1l\u00f3 szeretn\u00e9 megtiltani ezeknek a technol\u00f3gi\u00e1knak a nem szem\u00e9lyes adatok r\u00f6gz\u00edt\u00e9s\u00e9t, az megtehet\u0151 az al\u00e1bbi m\u00f3dokon:<\/p>\n<!-- \/wp:paragraph -->\n\n<!-- wp:paragraph -->\n<p>-a webhelyen megjelen\u0151 cookie figyelmeztet\u00e9sek seg\u00edts\u00e9g\u00e9vel letilthat\u00f3 ezek bet\u00f6lt\u0151d\u00e9se<\/p>\n<!-- \/wp:paragraph -->\n\n<!-- wp:paragraph -->\n<p>-a b\u00f6ng\u00e9sz\u0151ben a \u201ccookie\u201d-k letilt\u00e1s\u00e1val<\/p>\n<!-- \/wp:paragraph -->\n\n<!-- wp:paragraph -->\n<p>A\u00a0<strong><strong>https:\/\/reka-kristof.com<\/strong> oldalon<\/strong>\u00a0tal\u00e1lhat\u00f3 tov\u00e1bbi cookie-kkal \u00e9s k\u00f6vet\u0151k\u00f3dokkal kapcsolatban tov\u00e1bbi inform\u00e1ci\u00f3t tal\u00e1lhat a Cookie Nyilatkozatunkban.<\/p>\n<!-- \/wp:paragraph -->\t\t\t\t\t\t<\/div>\n\t\t\t\t<\/div>\n\t\t<div class=\"elementor-element elementor-element-1592a85 e-con-full e-flex e-con e-child\" data-id=\"1592a85\" data-element_type=\"container\" data-settings=\"{&quot;content_width&quot;:&quot;full&quot;}\">\n\t\t\t\t<div class=\"elementor-element elementor-element-014d03e elementor-widget__width-auto elementor-fixed elementor-view-default elementor-widget elementor-widget-icon\" data-id=\"014d03e\" data-element_type=\"widget\" data-settings=\"{&quot;_position&quot;:&quot;fixed&quot;,&quot;motion_fx_motion_fx_scrolling&quot;:&quot;yes&quot;,&quot;motion_fx_opacity_effect&quot;:&quot;yes&quot;,&quot;motion_fx_opacity_range&quot;:{&quot;unit&quot;:&quot;%&quot;,&quot;size&quot;:&quot;&quot;,&quot;sizes&quot;:{&quot;start&quot;:25,&quot;end&quot;:35}},&quot;motion_fx_opacity_direction&quot;:&quot;out-in&quot;,&quot;motion_fx_opacity_level&quot;:{&quot;unit&quot;:&quot;px&quot;,&quot;size&quot;:10,&quot;sizes&quot;:[]},&quot;motion_fx_devices&quot;:[&quot;desktop&quot;,&quot;tablet&quot;,&quot;mobile&quot;]}\" data-widget_type=\"icon.default\">\n\t\t\t\t<div class=\"elementor-widget-container\">\n\t\t\t\t\t<div class=\"elementor-icon-wrapper\">\n\t\t\t<a class=\"elementor-icon\" href=\"#scrolltotop\">\n\t\t\t<i aria-hidden=\"true\" class=\"fas fa-arrow-up\"><\/i>\t\t\t<\/a>\n\t\t<\/div>\n\t\t\t\t<\/div>\n\t\t\t\t<\/div>\n\t\t\t\t<\/div>\n\t\t\t\t<div class=\"elementor-element elementor-element-0da7d2a elementor-widget elementor-widget-shortcode\" data-id=\"0da7d2a\" data-element_type=\"widget\" data-widget_type=\"shortcode.default\">\n\t\t\t\t<div class=\"elementor-widget-container\">\n\t\t\t\t\t<div class=\"elementor-shortcode\"><p id=\"matomo_opted_out_intro\" style=\"display:none;\">K\u00f6vet\u00e9s kikapcsolva; a l\u00e1togat\u00e1sok semmilyen statisztik\u00e1ban nem fognak szerepelni. Megjegyz\u00e9s: abban az esetben, ha a k\u00f6vet\u00e9st tilt\u00f3 s\u00fcti t\u00f6rl\u0151dik, m\u00e1s sz\u00e1m\u00edt\u00f3g\u00e9pr\u0151l vagy b\u00f6ng\u00e9sz\u0151b\u0151l l\u00e1togatja meg a weboldalt, a k\u00f6vet\u00e9st ism\u00e9t le kell tiltania.<\/p><p id=\"matomo_opted_in_intro\" >Megtilthatja, hogy ez a weboldal adatot gy\u0171jts\u00f6n az ezen a weboldalon t\u00f6rt\u00e9n\u0151 l\u00e1togat\u00e1sair\u00f3l \u00e9s azokat analalitikai c\u00e9lokra felhaszn\u00e1lja. Ha \u00edgy tesz, azzal digit\u00e1lis adatv\u00e9delm\u00e9t er\u0151s\u00edti, de egy\u00fattal megakad\u00e1lyozza, hogy a weboldal tulajdonosa tanuljon l\u00e1togat\u00e1sai szok\u00e1saib\u00f3l \u00e9s ez\u00e1ltal egy jobb felhaszn\u00e1l\u00f3i \u00e9lm\u00e9nyt ny\u00fajthasson \u00d6nnek \u00e9s m\u00e1s l\u00e1togat\u00f3knak.<\/p><form>\n        <input type=\"checkbox\" id=\"matomo_optout_checkbox\" checked=\"checked\"\/>\n        <label for=\"matomo_optout_checkbox\"><strong>\n        <span id=\"matomo_opted_in_label\" >A k\u00f6vet\u00e9s enged\u00e9lyezett. A tilt\u00e1shoz kattintsa ki ezt a checkboxot.<\/span>\n\t\t<span id=\"matomo_opted_out_label\" style=\"display:none;\">A k\u00f6vet\u00e9s jelenleg ki van kapcsolva. Pip\u00e1lja be a k\u00f6vet\u00e9s enged\u00e9lyez\u00e9s\u00e9hez.<\/span>\n        <\/strong><\/label><\/form><noscript><p><strong style=\"color: #ff0000;\">This opt out feature requires JavaScript.<\/strong><\/p><\/noscript><p id=\"matomo_outout_err_cookies\" style=\"display: none;\"><strong>The tracking opt-out feature requires cookies to be enabled.<\/strong><\/p><\/div>\n\t\t\t\t<\/div>\n\t\t\t\t<\/div>\n\t\t\t\t\t<\/div>\n\t\t\t\t<\/div>\n\t\t\t\t<\/div>\n\t\t","protected":false},"excerpt":{"rendered":"<p>Adatv\u00e9delmi nyilatkozat 1, BEVEZET\u0150 Sz\u00e1munkra nagyon fontos, hogy betartsuk az aktu\u00e1lisan \u00e9rv\u00e9nyes adatv\u00e9delmi szab\u00e1lyoz\u00e1st \u00e9s t\u00f6rv\u00e9nyeket, \u00edgy az al\u00e1bbiakban r\u00e9szletesen t\u00e1rgyaljuk bemutatjuk a\u00a0https:\/\/reka-kristof.com\u00a0oldal \u00e9s Krist\u00f3f R\u00e9ka e.v. (tov\u00e1bbiakba: v\u00e1llalkoz\u00e1s)\u00a0adatv\u00e9delemre ir\u00e1nyul\u00f3 l\u00e9p\u00e9seit, \u00e9s az adatgy\u0171jt\u00e9ssel kapcsolatos folyamatait. Az adatokat a&nbsp;v\u00e1llalkoz\u00e1s&nbsp;kezeli, \u00e9s ez a c\u00e9g felel\u0151s a szem\u00e9lyes adatok kezel\u00e9s\u00e9\u00e9rt. Kapcsolati adatok: Teljes jogi n\u00e9v: Krist\u00f3f R\u00e9ka &#8230; <a title=\"Datenschutz\" class=\"read-more\" href=\"https:\/\/reka-kristof.com\/de\/privacy-policy\/\" aria-label=\"Mehr Informationen \u00fcber Adatv\u00e9delmi nyilatkozat\">Weiterlesen<\/a><\/p>","protected":false},"author":1,"featured_media":0,"parent":0,"menu_order":0,"comment_status":"closed","ping_status":"open","template":"elementor_header_footer","meta":{"_seopress_robots_primary_cat":"","_seopress_titles_title":"","_seopress_titles_desc":"","_seopress_robots_index":"","footnotes":""},"_links":{"self":[{"href":"https:\/\/reka-kristof.com\/de\/wp-json\/wp\/v2\/pages\/3"}],"collection":[{"href":"https:\/\/reka-kristof.com\/de\/wp-json\/wp\/v2\/pages"}],"about":[{"href":"https:\/\/reka-kristof.com\/de\/wp-json\/wp\/v2\/types\/page"}],"author":[{"embeddable":true,"href":"https:\/\/reka-kristof.com\/de\/wp-json\/wp\/v2\/users\/1"}],"replies":[{"embeddable":true,"href":"https:\/\/reka-kristof.com\/de\/wp-json\/wp\/v2\/comments?post=3"}],"version-history":[{"count":19,"href":"https:\/\/reka-kristof.com\/de\/wp-json\/wp\/v2\/pages\/3\/revisions"}],"predecessor-version":[{"id":2902,"href":"https:\/\/reka-kristof.com\/de\/wp-json\/wp\/v2\/pages\/3\/revisions\/2902"}],"wp:attachment":[{"href":"https:\/\/reka-kristof.com\/de\/wp-json\/wp\/v2\/media?parent=3"}],"curies":[{"name":"wp","href":"https:\/\/api.w.org\/{rel}","templated":true}]}}